{"id":1787,"date":"2015-09-25T08:20:22","date_gmt":"2015-09-25T08:20:22","guid":{"rendered":"http:\/\/mv-schmalnau.de\/?page_id=1787"},"modified":"2016-12-29T10:12:24","modified_gmt":"2016-12-29T10:12:24","slug":"termine-2016","status":"publish","type":"page","link":"https:\/\/mv-schmalnau.de\/index.php\/termine-2016\/","title":{"rendered":"Termine 2016"},"content":{"rendered":"<p>&nbsp;<\/p>\n<table style=\"height: 965px;\" width=\"658\">\n<tbody>\n<tr>\n<td width=\"13%\"><strong>Datum<\/strong><\/td>\n<td width=\"10%\"><strong>Zeit<\/strong><\/td>\n<td width=\"25%\"><strong>Titel<\/strong><\/td>\n<td width=\"18%\"><strong>Ort<\/strong><\/td>\n<td width=\"31%\"><strong>Kurzbeschreibung<\/strong><\/td>\n<\/tr>\n<tr>\n<td width=\"13%\"><span style=\"color: #999999;\">11.01.2016<\/span><\/td>\n<td width=\"10%\"><span style=\"color: #999999;\">19:30<\/span><\/td>\n<td width=\"25%\"><span style=\"color: #999999;\">Erste Probe im neuen Jahr<\/span><\/td>\n<td width=\"18%\"><span style=\"color: #999999;\">Schmalnau<\/span><\/td>\n<td width=\"31%\"><span style=\"color: #999999;\">&nbsp;<\/span><\/td>\n<\/tr>\n<tr>\n<td width=\"13%\"><span style=\"color: #999999;\">17.01.2016<\/span><\/td>\n<td width=\"10%\"><span style=\"color: #999999;\">&nbsp;<\/span><\/td>\n<td width=\"25%\"><span style=\"color: #999999;\">St\u00e4ndchen 80. Geburtstag<\/span><\/td>\n<td width=\"18%\"><span style=\"color: #999999;\">Schmalnau<\/span><\/td>\n<td width=\"31%\"><span style=\"color: #999999;\">Uhrzeit wird noch bekannt gegeben<\/span><\/td>\n<\/tr>\n<tr>\n<td width=\"13%\"><span style=\"color: #999999;\">05.03.2016<\/span><\/td>\n<td width=\"10%\"><span style=\"color: #999999;\">&nbsp;<\/span><\/td>\n<td width=\"25%\"><span style=\"color: #999999;\">St\u00e4ndchen 50. Geburtstag<\/span><\/td>\n<td width=\"18%\"><span style=\"color: #999999;\">B\u00fcrgerzentrum Rothemann<\/span><\/td>\n<td width=\"31%\"><span style=\"color: #999999;\">Uhrzeit wird noch bekannt gegeben<\/span><\/td>\n<\/tr>\n<tr>\n<td width=\"13%\"><span style=\"color: #999999;\">05.05.2016<\/span><\/td>\n<td width=\"10%\"><span style=\"color: #999999;\">&nbsp;<\/span><\/td>\n<td width=\"25%\"><span style=\"color: #999999;\">Christi Himmelfahrt<\/span><\/td>\n<td width=\"18%\"><span style=\"color: #999999;\">Schmalnau<\/span><\/td>\n<td width=\"31%\"><span style=\"color: #999999;\">Prozession&nbsp;<\/span><\/td>\n<\/tr>\n<tr>\n<td width=\"13%\"><span style=\"color: #999999;\">08.05.2016<\/span><\/td>\n<td width=\"10%\"><span style=\"color: #999999;\">17:00<\/span><\/td>\n<td width=\"25%\"><span style=\"color: #999999;\">Floriansfest<\/span><\/td>\n<td width=\"18%\"><span style=\"color: #999999;\">Schmalnau<\/span><\/td>\n<td width=\"31%\"><span style=\"color: #999999;\">Stimmungs- und U-Musik 17.00 &#8211; 19.00 Uhr&nbsp;<\/span><\/td>\n<\/tr>\n<tr>\n<td width=\"13%\"><span style=\"color: #999999;\">12.05.2016<\/span><\/td>\n<td width=\"10%\"><span style=\"color: #999999;\">19:00<\/span><\/td>\n<td width=\"25%\"><span style=\"color: #999999;\">Maiandacht an der Grotte<\/span><\/td>\n<td width=\"18%\"><span style=\"color: #999999;\">Schmalnau<\/span><\/td>\n<td width=\"31%\"><span style=\"color: #999999;\">Andacht&nbsp;<\/span><\/td>\n<\/tr>\n<tr>\n<td width=\"13%\"><span style=\"color: #999999;\">29.05.2016<\/span><\/td>\n<td width=\"10%\"><span style=\"color: #999999;\">10:00<\/span><\/td>\n<td width=\"25%\"><span style=\"color: #999999;\">Fronleichnam<\/span><\/td>\n<td width=\"18%\"><span style=\"color: #999999;\">Schmalnau<\/span><\/td>\n<td width=\"31%\"><span style=\"color: #999999;\">Prozession&nbsp;<\/span><\/td>\n<\/tr>\n<tr>\n<td width=\"13%\"><span style=\"color: #999999;\">29.05.2016<\/span><\/td>\n<td width=\"10%\"><span style=\"color: #999999;\">13:00<\/span><\/td>\n<td width=\"25%\"><span style=\"color: #999999;\">Maifest<\/span><\/td>\n<td width=\"18%\"><span style=\"color: #999999;\">Burghaun<\/span><\/td>\n<td width=\"31%\"><span style=\"color: #999999;\">U-Musik, 13-15 Uhr<\/span><\/td>\n<\/tr>\n<tr>\n<td width=\"13%\"><span style=\"color: #999999;\">05.06.2016<\/span><\/td>\n<td width=\"10%\"><span style=\"color: #999999;\">08:00<\/span><\/td>\n<td width=\"25%\"><span style=\"color: #999999;\">Bonifatius Wallfahrt<\/span><\/td>\n<td width=\"18%\"><span style=\"color: #999999;\">Fulda<\/span><\/td>\n<td width=\"31%\"><span style=\"color: #999999;\">08.00 Uhr ab Auerweiher&nbsp;<\/span><\/td>\n<\/tr>\n<tr>\n<td width=\"13%\"><span style=\"color: #999999;\">26.06.2016<\/span><\/td>\n<td width=\"10%\"><span style=\"color: #999999;\">09:30<\/span><\/td>\n<td width=\"25%\"><span style=\"color: #999999;\">Johannismarkt<\/span><\/td>\n<td width=\"18%\"><span style=\"color: #999999;\">Hettenhausen<\/span><\/td>\n<td width=\"31%\"><span style=\"color: #999999;\">09.30 Uhr Messe, anschlie\u00dfend U-Musik&nbsp;<\/span><\/td>\n<\/tr>\n<tr>\n<td width=\"13%\"><span style=\"color: #999999;\">30.07.2016<\/span><\/td>\n<td width=\"10%\"><span style=\"color: #999999;\">18:00<\/span><\/td>\n<td width=\"25%\"><span style=\"color: #999999;\">Sch\u00fctzenproklamation<\/span><\/td>\n<td width=\"18%\"><span style=\"color: #999999;\">Fulda<\/span><\/td>\n<td width=\"31%\"><span style=\"color: #999999;\">18.00 Uhr Proklamation, anschlie\u00dfend Marsch zur Ochsenwiese<\/span><\/td>\n<\/tr>\n<tr>\n<td width=\"13%\"><span style=\"color: #999999;\">07.08.2016<\/span><\/td>\n<td width=\"10%\"><span style=\"color: #999999;\">09:30<\/span><\/td>\n<td width=\"25%\"><span style=\"color: #999999;\">Sch\u00fctzen Fr\u00fchschoppen<\/span><\/td>\n<td width=\"18%\"><span style=\"color: #999999;\">Fulda<\/span><\/td>\n<td width=\"31%\"><span style=\"color: #999999;\">09.30 Uhr Fr\u00fchschoppen, anschlie\u00dfend Totenehrung und Marsch zur Ochsenwiese<\/span><\/td>\n<\/tr>\n<tr>\n<td width=\"13%\"><span style=\"color: #999999;\">28.08.2016<\/span><\/td>\n<td width=\"10%\"><span style=\"color: #999999;\">13:30<\/span><\/td>\n<td width=\"25%\"><span style=\"color: #999999;\">Gottesdienst<\/span><\/td>\n<td width=\"18%\"><span style=\"color: #999999;\">Maria Ehrenberg<\/span><\/td>\n<td width=\"31%\"><span style=\"color: #999999;\">&nbsp;<\/span><\/td>\n<\/tr>\n<tr>\n<td width=\"13%\"><span style=\"color: #999999;\">05.09.2016<\/span><\/td>\n<td width=\"10%\"><span style=\"color: #999999;\">18:30<\/span><\/td>\n<td width=\"25%\"><span style=\"color: #999999;\">Pfarrfest<\/span><\/td>\n<td width=\"18%\"><span style=\"color: #999999;\">Schmalnau<\/span><\/td>\n<td width=\"31%\"><span style=\"color: #999999;\">Bockbierabend&nbsp;<\/span><\/td>\n<\/tr>\n<tr>\n<td width=\"13%\"><span style=\"color: #999999;\">10.09.2016<\/span><\/td>\n<td width=\"10%\"><span style=\"color: #999999;\">17:30<\/span><\/td>\n<td width=\"25%\"><span style=\"color: #999999;\">Konzert unter den Linden<\/span><\/td>\n<td width=\"18%\"><span style=\"color: #999999;\">Schmalnau<\/span><\/td>\n<td width=\"31%\"><span style=\"color: #999999;\">17.30 Uhr D\u00e4mmerschoppen, ab 18.00 Uhr Platzkonzert<\/span><\/td>\n<\/tr>\n<tr>\n<td width=\"13%\"><span style=\"color: #999999;\">18.09.2016<\/span><\/td>\n<td width=\"10%\"><span style=\"color: #999999;\">14:00<\/span><\/td>\n<td width=\"25%\"><span style=\"color: #999999;\"><a style=\"color: #999999;\" href=\"http:\/\/www.sporton.de\/CMS\/users\/templates\/template.asp?template=104&amp;color=1&amp;sport=1&amp;layout=1&amp;user_id=228829&amp;page=100&amp;termineid=61164&amp;titel=\">Kirmes<\/a><\/span><\/td>\n<td width=\"18%\"><span style=\"color: #999999;\">Uttrichshausen<\/span><\/td>\n<td width=\"31%\"><span style=\"color: #999999;\">Stimmungs- und U-Musik 14.00 &#8211; 18.00 Uhr<\/span><\/td>\n<\/tr>\n<tr>\n<td width=\"13%\"><span style=\"color: #999999;\">&nbsp;<\/span><\/td>\n<td width=\"10%\"><span style=\"color: #999999;\">20:00<\/span><\/td>\n<td width=\"25%\"><span style=\"color: #999999;\">Jahreshauptversammlung<\/span><\/td>\n<td width=\"18%\"><span style=\"color: #999999;\">Schmalnau<\/span><\/td>\n<td width=\"31%\"><span style=\"color: #999999;\">&nbsp;<\/span><\/td>\n<\/tr>\n<tr>\n<td width=\"13%\"><span style=\"color: #999999;\">09.10.2016<\/span><\/td>\n<td width=\"10%\"><span style=\"color: #999999;\">13:00<\/span><\/td>\n<td width=\"25%\"><span style=\"color: #999999;\">Kirmes<\/span><\/td>\n<td width=\"18%\"><span style=\"color: #999999;\">Schmalnau<\/span><\/td>\n<td width=\"31%\"><span style=\"color: #999999;\">Umzug, Dreireihentanz, U-Musik bis&nbsp;ca. 18.30 Uhr<\/span><\/td>\n<\/tr>\n<tr>\n<td width=\"13%\"><span style=\"color: #999999;\">06.11.2016<\/span><\/td>\n<td width=\"10%\"><span style=\"color: #999999;\">09:00<\/span><\/td>\n<td width=\"25%\"><span style=\"color: #999999;\">Kirmes<\/span><\/td>\n<td width=\"18%\"><span style=\"color: #999999;\">Hettenhausen<\/span><\/td>\n<td width=\"31%\"><span style=\"color: #999999;\">Umzug, Dreireihentanz, U-Musik bis ca. 14.00 Uhr<\/span><\/td>\n<\/tr>\n<tr>\n<td width=\"13%\"><span style=\"color: #999999;\">10.11.2016<\/span><\/td>\n<td width=\"10%\"><span style=\"color: #999999;\">17:30<\/span><\/td>\n<td width=\"25%\"><span style=\"color: #999999;\">Martinszug<\/span><\/td>\n<td width=\"18%\"><span style=\"color: #999999;\">Schmalnau<\/span><\/td>\n<td width=\"31%\"><span style=\"color: #999999;\">&nbsp;<\/span><\/td>\n<\/tr>\n<tr>\n<td width=\"13%\"><span style=\"color: #999999;\">13.11.2016<\/span><\/td>\n<td width=\"10%\"><span style=\"color: #999999;\">&nbsp;<\/span><\/td>\n<td width=\"25%\"><span style=\"color: #999999;\">Volkstrauertag<\/span><\/td>\n<td width=\"18%\"><span style=\"color: #999999;\">Friedhof Schmalnau<\/span><\/td>\n<td width=\"31%\"><span style=\"color: #999999;\">Uhrzeit wird noch bekannt gegeben<\/span><\/td>\n<\/tr>\n<tr>\n<td width=\"13%\"><span style=\"color: #999999;\">17.12.2016<\/span><\/td>\n<td width=\"10%\"><span style=\"color: #999999;\">19:30<\/span><\/td>\n<td width=\"25%\"><span style=\"color: #999999;\">Weihnachtsfeier<\/span><\/td>\n<td width=\"18%\"><span style=\"color: #999999;\">Schmalnau<\/span><\/td>\n<td width=\"31%\"><span style=\"color: #999999;\">&nbsp;<\/span><\/td>\n<\/tr>\n<tr>\n<td width=\"13%\"><span style=\"color: #999999;\">18.12.2016<\/span><\/td>\n<td width=\"10%\"><span style=\"color: #999999;\">16:00<\/span><\/td>\n<td width=\"25%\"><span style=\"color: #999999;\">Weihnachtskonzert<\/span><\/td>\n<td width=\"18%\"><span style=\"color: #999999;\">Kirche Schmalnau<\/span><\/td>\n<td width=\"31%\"><span style=\"color: #999999;\">&nbsp;<\/span><\/td>\n<\/tr>\n<tr>\n<td width=\"13%\"><span style=\"color: #999999;\">24.12.2016<\/span><\/td>\n<td width=\"10%\"><span style=\"color: #999999;\">18:00<\/span><\/td>\n<td width=\"25%\"><span style=\"color: #999999;\">Christmette<\/span><\/td>\n<td width=\"18%\"><span style=\"color: #999999;\">Kirche Schmalnau<\/span><\/td>\n<td width=\"31%\"><span style=\"color: #999999;\">&nbsp;<\/span><\/td>\n<\/tr>\n<\/tbody>\n<\/table>\n","protected":false},"excerpt":{"rendered":"<p>&nbsp; Datum Zeit Titel Ort Kurzbeschreibung 11.01.2016 19:30 Erste Probe im neuen Jahr Schmalnau &nbsp; 17.01.2016 &nbsp; St\u00e4ndchen 80. Geburtstag Schmalnau Uhrzeit wird noch bekannt gegeben 05.03.2016 &nbsp; St\u00e4ndchen 50. Geburtstag B\u00fcrgerzentrum Rothemann Uhrzeit wird noch bekannt gegeben 05.05.2016 &nbsp; Christi Himmelfahrt Schmalnau Prozession&nbsp; 08.05.2016 17:00 Floriansfest Schmalnau Stimmungs- und U-Musik 17.00 &#8211; 19.00 Uhr&nbsp; &hellip; <a href=\"https:\/\/mv-schmalnau.de\/index.php\/termine-2016\/\" class=\"more-link\"><span class=\"screen-reader-text\">Termine 2016<\/span> weiterlesen <span class=\"meta-nav\">&rarr;<\/span><\/a><\/p>\n","protected":false},"author":1,"featured_media":0,"parent":0,"menu_order":0,"comment_status":"closed","ping_status":"closed","template":"","meta":{"footnotes":""},"class_list":["post-1787","page","type-page","status-publish","hentry"],"_links":{"self":[{"href":"https:\/\/mv-schmalnau.de\/index.php\/wp-json\/wp\/v2\/pages\/1787","targetHints":{"allow":["GET"]}}],"collection":[{"href":"https:\/\/mv-schmalnau.de\/index.php\/wp-json\/wp\/v2\/pages"}],"about":[{"href":"https:\/\/mv-schmalnau.de\/index.php\/wp-json\/wp\/v2\/types\/page"}],"author":[{"embeddable":true,"href":"https:\/\/mv-schmalnau.de\/index.php\/wp-json\/wp\/v2\/users\/1"}],"replies":[{"embeddable":true,"href":"https:\/\/mv-schmalnau.de\/index.php\/wp-json\/wp\/v2\/comments?post=1787"}],"version-history":[{"count":0,"href":"https:\/\/mv-schmalnau.de\/index.php\/wp-json\/wp\/v2\/pages\/1787\/revisions"}],"wp:attachment":[{"href":"https:\/\/mv-schmalnau.de\/index.php\/wp-json\/wp\/v2\/media?parent=1787"}],"curies":[{"name":"wp","href":"https:\/\/api.w.org\/{rel}","templated":true}]}}