{"id":1929,"date":"2017-12-05T14:16:09","date_gmt":"2017-12-05T14:16:09","guid":{"rendered":"http:\/\/mv-schmalnau.de\/?page_id=1929"},"modified":"2018-12-26T12:33:02","modified_gmt":"2018-12-26T12:33:02","slug":"termine-2018","status":"publish","type":"page","link":"https:\/\/mv-schmalnau.de\/index.php\/termine-2018\/","title":{"rendered":"Termine 2018"},"content":{"rendered":"<table style=\"height: 965px;\" width=\"658\">\n<tbody>\n<tr>\n<td width=\"13%\"><span style=\"color: #999999;\">Datum<\/span><\/td>\n<td width=\"10%\"><span style=\"color: #999999;\">Zeit<\/span><\/td>\n<td width=\"25%\"><span style=\"color: #999999;\">Titel<\/span><\/td>\n<td width=\"18%\"><span style=\"color: #999999;\">Ort<\/span><\/td>\n<td width=\"31%\"><span style=\"color: #999999;\">Kurzbeschreibung<\/span><\/td>\n<\/tr>\n<tr>\n<td width=\"13%\"><span style=\"color: #999999;\">18.01.2018<\/span><\/td>\n<td width=\"10%\"><span style=\"color: #999999;\">19:30<\/span><\/td>\n<td width=\"25%\"><span style=\"color: #999999;\">Erste Probe\u00a0im neuen Jahr<\/span><\/td>\n<td width=\"18%\"><span style=\"color: #999999;\">Schmalnau<\/span><\/td>\n<td width=\"31%\"><span style=\"color: #999999;\">\u00a0<\/span><\/td>\n<\/tr>\n<tr>\n<td width=\"13%\"><span style=\"color: #999999;\">06.05.2018\u00a0<\/span><\/td>\n<td width=\"10%\"><span style=\"color: #999999;\">17:00<\/span><\/td>\n<td width=\"25%\"><span style=\"color: #999999;\">Floriansfest<\/span><\/td>\n<td width=\"18%\"><span style=\"color: #999999;\">Schmalnau<\/span><\/td>\n<td width=\"31%\"><span style=\"color: #999999;\">wegen Todesfall von uns abgesagt<\/span><\/td>\n<\/tr>\n<tr>\n<td width=\"13%\"><span style=\"color: #999999;\">10.05.2018\u00a0<\/span><\/td>\n<td width=\"10%\"><span style=\"color: #999999;\">09:30\u00a0<\/span><\/td>\n<td width=\"25%\"><span style=\"color: #999999;\">Christi Himmelfahrt<\/span><\/td>\n<td width=\"18%\"><span style=\"color: #999999;\">Schmalnau<\/span><\/td>\n<td width=\"31%\"><span style=\"color: #999999;\">Prozession\u00a0<\/span><\/td>\n<\/tr>\n<tr>\n<td width=\"13%\"><span style=\"color: #999999;\">17.05.2018\u00a0<\/span><\/td>\n<td width=\"10%\"><span style=\"color: #999999;\">19:00<\/span><\/td>\n<td width=\"25%\"><span style=\"color: #999999;\">Maiandacht an der Grotte<\/span><\/td>\n<td width=\"18%\"><span style=\"color: #999999;\">Schmalnau<\/span><\/td>\n<td width=\"31%\"><span style=\"color: #999999;\">Andacht\u00a0<\/span><\/td>\n<\/tr>\n<tr>\n<td width=\"13%\"><span style=\"color: #999999;\">31.05.2018\u00a0<\/span><\/td>\n<td width=\"10%\"><span style=\"color: #999999;\">09:30\u00a0<\/span><\/td>\n<td width=\"25%\"><span style=\"color: #999999;\">Fronleichnam<\/span><\/td>\n<td width=\"18%\"><span style=\"color: #999999;\">Schmalnau<\/span><\/td>\n<td width=\"31%\"><span style=\"color: #999999;\">Prozession<\/span><\/td>\n<\/tr>\n<tr>\n<td width=\"13%\"><span style=\"color: #999999;\">03.06.2018\u00a0<\/span><\/td>\n<td width=\"10%\"><span style=\"color: #999999;\">08:00<\/span><\/td>\n<td width=\"25%\"><span style=\"color: #999999;\">Bonifatius Wallfahrt<\/span><\/td>\n<td width=\"18%\"><span style=\"color: #999999;\">Fulda<\/span><\/td>\n<td width=\"31%\"><span style=\"color: #999999;\">08.00 Uhr ab Auerweiher\u00a0<\/span><\/td>\n<\/tr>\n<tr>\n<td width=\"13%\"><span style=\"color: #999999;\">08.07.2018\u00a0<\/span><\/td>\n<td width=\"10%\"><span style=\"color: #999999;\">10:30<\/span><\/td>\n<td width=\"25%\"><span style=\"color: #999999;\">Messe an der Grotte<\/span><\/td>\n<td width=\"18%\"><span style=\"color: #999999;\">Schmalnau<\/span><\/td>\n<td width=\"31%\"><span style=\"color: #999999;\">Grotten Jubil\u00e4um<\/span><\/td>\n<\/tr>\n<tr>\n<td width=\"13%\"><span style=\"color: #999999;\">14.07.2018\u00a0<\/span><\/td>\n<td width=\"10%\"><span style=\"color: #999999;\">17:00<\/span><\/td>\n<td width=\"25%\"><span style=\"color: #999999;\">Dorfplatzfest<\/span><\/td>\n<td width=\"18%\"><span style=\"color: #999999;\">Schmalnau<\/span><\/td>\n<td width=\"31%\"><span style=\"color: #999999;\">U-Musik 17.00 &#8211; 19.00 Uhr<\/span><\/td>\n<\/tr>\n<tr>\n<td width=\"13%\"><span style=\"color: #999999;\">22.07.2018<\/span><\/td>\n<td width=\"10%\"><span style=\"color: #999999;\">17:00<\/span><\/td>\n<td width=\"25%\"><span style=\"color: #999999;\">Oldtimertreffen Fa. Sauer<\/span><\/td>\n<td width=\"18%\"><span style=\"color: #999999;\">Uttrichshausen<\/span><\/td>\n<td width=\"31%\"><span style=\"color: #999999;\">U-Musik 17.00 &#8211; 20.00 Uhr<\/span><\/td>\n<\/tr>\n<tr>\n<td width=\"13%\"><span style=\"color: #999999;\">28.07.2018<\/span><\/td>\n<td width=\"10%\"><span style=\"color: #999999;\">18:00\u00a0<\/span><\/td>\n<td width=\"25%\"><span style=\"color: #999999;\">Sch\u00fctzenproklamation<\/span><\/td>\n<td width=\"18%\"><span style=\"color: #999999;\">Fulda<\/span><\/td>\n<td width=\"31%\"><span style=\"color: #999999;\">Proklamation im Schlo\u00dfhof, anschl. Festzug zum Sch\u00fctzenfest<\/span><\/td>\n<\/tr>\n<tr>\n<td width=\"13%\"><span style=\"color: #999999;\">05.08.2018<\/span><\/td>\n<td width=\"10%\"><span style=\"color: #999999;\">09:00\u00a0<\/span><\/td>\n<td width=\"25%\"><span style=\"color: #999999;\">Sch\u00fctzenfr\u00fchst\u00fcck<\/span><\/td>\n<td width=\"18%\"><span style=\"color: #999999;\">Fulda<\/span><\/td>\n<td width=\"31%\"><span style=\"color: #999999;\">Sch\u00fctzenfr\u00fchst\u00fcck, Totenehrung, Festzug zum Sch\u00fctzenfest, im Zelt bis 12.00 Uhr<\/span><\/td>\n<\/tr>\n<tr>\n<td width=\"13%\"><span style=\"color: #999999;\">11.08.2018<\/span><\/td>\n<td width=\"10%\"><span style=\"color: #999999;\">18.30\u00a0<\/span><\/td>\n<td width=\"25%\"><span style=\"color: #999999;\">Lindenplatzkonzert<\/span><\/td>\n<td width=\"18%\"><span style=\"color: #999999;\">Schmalnau<\/span><\/td>\n<td width=\"31%\"><span style=\"color: #999999;\">Konzert<\/span><\/td>\n<\/tr>\n<tr>\n<td width=\"13%\"><span style=\"color: #999999;\">26.08.2018\u00a0<\/span><\/td>\n<td width=\"10%\"><span style=\"color: #999999;\">14:00<\/span><\/td>\n<td width=\"25%\"><span style=\"color: #999999;\">Museumfest<\/span><\/td>\n<td width=\"18%\"><span style=\"color: #999999;\">Fladungen<\/span><\/td>\n<td width=\"31%\"><span style=\"color: #999999;\">U-Musik 14.00 &#8211; 17.30 Uhr \/ MV-Weyhers\u00a0<\/span><\/td>\n<\/tr>\n<tr>\n<td width=\"13%\"><span style=\"color: #999999;\">02.09.2018\u00a0<\/span><\/td>\n<td width=\"10%\"><span style=\"color: #999999;\">11:30<\/span><\/td>\n<td width=\"25%\"><span style=\"color: #999999;\">Kirmes<\/span><\/td>\n<td width=\"18%\"><span style=\"color: #999999;\">Heubach\u00a0<\/span><\/td>\n<td width=\"31%\"><span style=\"color: #999999;\">U-Musik 11.30 &#8211; 16.00 Uhr\u00a0<\/span><\/td>\n<\/tr>\n<tr>\n<td width=\"13%\"><span style=\"color: #999999;\">03.09.2018\u00a0<\/span><\/td>\n<td width=\"10%\"><span style=\"color: #999999;\">18:00<\/span><\/td>\n<td width=\"25%\"><span style=\"color: #999999;\">Pfarrfest<\/span><\/td>\n<td width=\"18%\"><span style=\"color: #999999;\">Schmalnau\u00a0<\/span><\/td>\n<td width=\"31%\"><\/td>\n<\/tr>\n<tr>\n<td width=\"13%\"><span style=\"color: #999999;\">09.09.2018\u00a0<\/span><\/td>\n<td width=\"10%\"><span style=\"color: #999999;\">11:30<\/span><\/td>\n<td width=\"25%\"><span style=\"color: #999999;\">Lebenshilfe <\/span><\/td>\n<td width=\"18%\"><span style=\"color: #999999;\">Thalau <\/span><\/td>\n<td width=\"31%\"><span style=\"color: #999999;\">11.30 &#8211; 13.00 Uhr<\/span><\/td>\n<\/tr>\n<tr>\n<td width=\"13%\"><span style=\"color: #999999;\">16.09.2018\u00a0<\/span><\/td>\n<td width=\"10%\"><span style=\"color: #999999;\">14:00<\/span><\/td>\n<td width=\"25%\"><span style=\"color: #999999;\">Kirmes<\/span><\/td>\n<td width=\"18%\"><span style=\"color: #999999;\">Uttrichshausen\u00a0<\/span><\/td>\n<td width=\"31%\"><span style=\"color: #999999;\">U-Musik 14.00 &#8211; 18.00 Uhr<\/span><\/td>\n<\/tr>\n<tr>\n<td width=\"13%\"><span style=\"color: #999999;\">21.09.2018<\/span><\/td>\n<td width=\"10%\"><span style=\"color: #999999;\">20:00<\/span><\/td>\n<td width=\"25%\"><span style=\"color: #999999;\">Jahreshauptversammlung<\/span><\/td>\n<td width=\"18%\"><span style=\"color: #999999;\">Schmalnau<\/span><\/td>\n<td width=\"31%\"><span style=\"color: #999999;\">\u00a0<\/span><\/td>\n<\/tr>\n<tr>\n<td width=\"13%\"><span style=\"color: #999999;\">23.09.2018\u00a0<\/span><\/td>\n<td width=\"10%\"><span style=\"color: #999999;\">10:00<\/span><\/td>\n<td width=\"25%\"><span style=\"color: #999999;\">Generations &#8211; Kirmes<\/span><\/td>\n<td width=\"18%\"><span style=\"color: #999999;\">Hettenhausen<\/span><\/td>\n<td width=\"31%\"><span style=\"color: #999999;\">Umzug, Dreireihentanz, U-Musik bis ca. 16.00 Uhr<\/span><\/td>\n<\/tr>\n<tr>\n<td width=\"13%\"><span style=\"color: #999999;\">07.10.2018<\/span><\/td>\n<td width=\"10%\"><span style=\"color: #999999;\">13:00<\/span><\/td>\n<td width=\"25%\"><span style=\"color: #999999;\">Kirmes<\/span><\/td>\n<td width=\"18%\"><span style=\"color: #999999;\">Schmalnau<\/span><\/td>\n<td width=\"31%\"><span style=\"color: #999999;\">Umzug, Dreireihentanz, U-Musik bis ca. 19.00 Uhr<\/span><\/td>\n<\/tr>\n<tr>\n<td width=\"13%\"><span style=\"color: #999999;\">04.11.2018\u00a0<\/span><\/td>\n<td width=\"10%\"><span style=\"color: #999999;\">13:00<\/span><\/td>\n<td width=\"25%\"><span style=\"color: #999999;\">Kirmes<\/span><\/td>\n<td width=\"18%\"><span style=\"color: #999999;\">Weyhers<\/span><\/td>\n<td width=\"31%\"><span style=\"color: #999999;\">Umzug, Dreireihentanz,U-Musik bis 18.00 Uhr \/MV-Weyhers\u00a0<\/span><\/td>\n<\/tr>\n<tr>\n<td width=\"13%\"><span style=\"color: #999999;\">09.11.2018<\/span><\/td>\n<td width=\"10%\"><span style=\"color: #999999;\">17:30<\/span><\/td>\n<td width=\"25%\"><span style=\"color: #999999;\">Martinszug<\/span><\/td>\n<td width=\"18%\"><span style=\"color: #999999;\">Weyhers<\/span><\/td>\n<td width=\"31%\"><span style=\"color: #999999;\">MV-Weyhers<\/span><\/td>\n<\/tr>\n<tr>\n<td width=\"13%\"><span style=\"color: #999999;\">12.11.2018<\/span><\/td>\n<td width=\"10%\"><span style=\"color: #999999;\">17:30<\/span><\/td>\n<td width=\"25%\"><span style=\"color: #999999;\">Martinszug<\/span><\/td>\n<td width=\"18%\"><span style=\"color: #999999;\">Schmalnau<\/span><\/td>\n<td width=\"31%\"><\/td>\n<\/tr>\n<tr>\n<td width=\"13%\"><span style=\"color: #999999;\">18.11.2018<\/span><\/td>\n<td width=\"10%\"><span style=\"color: #999999;\">\u00a0<\/span><\/td>\n<td width=\"25%\"><span style=\"color: #999999;\">Volkstrauertag<\/span><\/td>\n<td width=\"18%\"><span style=\"color: #999999;\">Friedhof Schmalnau<\/span><\/td>\n<td width=\"31%\"><span style=\"color: #999999;\">Uhrzeit wird noch bekannt gegeben<\/span><\/td>\n<\/tr>\n<tr>\n<td width=\"13%\"><span style=\"color: #999999;\">14.12.2018<\/span><\/td>\n<td width=\"10%\"><span style=\"color: #999999;\">19:30<\/span><\/td>\n<td width=\"25%\"><span style=\"color: #999999;\">Weihnachtsfeier<\/span><\/td>\n<td width=\"18%\"><span style=\"color: #999999;\">Gastwirtschaft Thalau<\/span><\/td>\n<td width=\"31%\"><\/td>\n<\/tr>\n<tr>\n<td width=\"13%\"><span style=\"color: #999999;\">16.12.2018<\/span><\/td>\n<td width=\"10%\"><span style=\"color: #999999;\">16:00<\/span><\/td>\n<td width=\"25%\"><span style=\"color: #999999;\">Weihnachtskonzert<\/span><\/td>\n<td width=\"18%\"><span style=\"color: #999999;\">Kirche Schmalnau<\/span><\/td>\n<td width=\"31%\"><span style=\"color: #999999;\">Mein\u00a0 Traum von Weihnachten<\/span><\/td>\n<\/tr>\n<tr>\n<td width=\"13%\"><span style=\"color: #999999;\">22.12.2018<\/span><\/td>\n<td width=\"10%\"><span style=\"color: #999999;\">15:00<\/span><\/td>\n<td width=\"25%\"><span style=\"color: #999999;\">Weihnachtsmarkt<\/span><\/td>\n<td width=\"18%\"><span style=\"color: #999999;\">Schlitz<\/span><\/td>\n<td width=\"31%\"><span style=\"color: #999999;\">15-17 Uhr MV-Weyhers<\/span><\/td>\n<\/tr>\n<tr>\n<td width=\"13%\"><span style=\"color: #999999;\">24.12.2018<\/span><\/td>\n<td width=\"10%\"><span style=\"color: #999999;\">15:00<\/span><\/td>\n<td width=\"25%\"><span style=\"color: #999999;\">Altenheim<\/span><\/td>\n<td width=\"18%\"><span style=\"color: #999999;\">Weyhers<\/span><\/td>\n<td width=\"31%\"><span style=\"color: #999999;\">15-16 Uhr MV-Weyhers<\/span><\/td>\n<\/tr>\n<tr>\n<td width=\"13%\"><span style=\"color: #999999;\">24.12.2018<\/span><\/td>\n<td width=\"10%\"><span style=\"color: #999999;\">18:00<\/span><\/td>\n<td width=\"25%\"><span style=\"color: #999999;\">Christmette<\/span><\/td>\n<td width=\"18%\"><span style=\"color: #999999;\">Kirche Schmalnau<\/span><\/td>\n<td width=\"31%\"><span style=\"color: #999999;\">\u00a0<\/span><\/td>\n<\/tr>\n<tr>\n<td width=\"13%\"><span style=\"color: #999999;\">26.12.2018<\/span><\/td>\n<td width=\"10%\"><span style=\"color: #999999;\">10:00<\/span><\/td>\n<td width=\"25%\"><span style=\"color: #999999;\">Hochamt<\/span><\/td>\n<td width=\"18%\"><span style=\"color: #999999;\">Kirche Weyhers<\/span><\/td>\n<td width=\"31%\"><span style=\"color: #999999;\">MV-Weyhers<\/span><\/td>\n<\/tr>\n<\/tbody>\n<\/table>\n","protected":false},"excerpt":{"rendered":"<p>Datum Zeit Titel Ort Kurzbeschreibung 18.01.2018 19:30 Erste Probe\u00a0im neuen Jahr Schmalnau \u00a0 06.05.2018\u00a0 17:00 Floriansfest Schmalnau wegen Todesfall von uns abgesagt 10.05.2018\u00a0 09:30\u00a0 Christi Himmelfahrt Schmalnau Prozession\u00a0 17.05.2018\u00a0 19:00 Maiandacht an der Grotte Schmalnau Andacht\u00a0 31.05.2018\u00a0 09:30\u00a0 Fronleichnam Schmalnau Prozession 03.06.2018\u00a0 08:00 Bonifatius Wallfahrt Fulda 08.00 Uhr ab Auerweiher\u00a0 08.07.2018\u00a0 10:30 Messe an der &hellip; <a href=\"https:\/\/mv-schmalnau.de\/index.php\/termine-2018\/\" class=\"more-link\"><span class=\"screen-reader-text\">Termine 2018<\/span> weiterlesen <span class=\"meta-nav\">&rarr;<\/span><\/a><\/p>\n","protected":false},"author":1,"featured_media":0,"parent":0,"menu_order":0,"comment_status":"closed","ping_status":"closed","template":"","meta":{"footnotes":""},"class_list":["post-1929","page","type-page","status-publish","hentry"],"_links":{"self":[{"href":"https:\/\/mv-schmalnau.de\/index.php\/wp-json\/wp\/v2\/pages\/1929","targetHints":{"allow":["GET"]}}],"collection":[{"href":"https:\/\/mv-schmalnau.de\/index.php\/wp-json\/wp\/v2\/pages"}],"about":[{"href":"https:\/\/mv-schmalnau.de\/index.php\/wp-json\/wp\/v2\/types\/page"}],"author":[{"embeddable":true,"href":"https:\/\/mv-schmalnau.de\/index.php\/wp-json\/wp\/v2\/users\/1"}],"replies":[{"embeddable":true,"href":"https:\/\/mv-schmalnau.de\/index.php\/wp-json\/wp\/v2\/comments?post=1929"}],"version-history":[{"count":0,"href":"https:\/\/mv-schmalnau.de\/index.php\/wp-json\/wp\/v2\/pages\/1929\/revisions"}],"wp:attachment":[{"href":"https:\/\/mv-schmalnau.de\/index.php\/wp-json\/wp\/v2\/media?parent=1929"}],"curies":[{"name":"wp","href":"https:\/\/api.w.org\/{rel}","templated":true}]}}