{"id":2105,"date":"2019-10-03T12:25:09","date_gmt":"2019-10-03T12:25:09","guid":{"rendered":"http:\/\/mv-schmalnau.de\/?page_id=2105"},"modified":"2020-12-14T18:12:49","modified_gmt":"2020-12-14T18:12:49","slug":"termine-2020","status":"publish","type":"page","link":"https:\/\/mv-schmalnau.de\/index.php\/termine-2020\/","title":{"rendered":"Termine 2020"},"content":{"rendered":"\n<figure class=\"wp-block-table alignwide is-style-stripes\"><table><tbody><tr><td><strong>Datum<\/strong><\/td><td><strong>Zeit<\/strong><\/td><td><strong>Titel<\/strong><\/td><td><strong>Ort<\/strong><\/td><td><strong>Kurzbeschreibung<\/strong><\/td><\/tr><tr><td>Do 23.01.2020<\/td><td>19:30<\/td><td>Erste Probe&nbsp;im neuen Jahr<\/td><td>B\u00fcrgerhaus Schmalnau<\/td><td>&nbsp;<\/td><\/tr><tr><td>Sa 22.02.2020<\/td><td>14:01<\/td><td>Seniorenfasching<\/td><td>B\u00fcrgerhaus Weyhers<\/td><td><\/td><\/tr><tr><td>So <\/td><td>&nbsp;<\/td><td>Wei\u00dfer Sonntag<\/td><td>Weyhers<\/td><td><strong><span class=\"has-inline-color has-red-color\">abgesagt wegen Corona Situation<\/span><\/strong><\/td><\/tr><tr><td>Do  07.05.2020<\/td><td>19:00<\/td><td>Maiandacht an der Grotte<\/td><td>Grotte Schmalnau<\/td><td><span class=\"has-inline-color\" style=\"color:#a32200\">nur mit 4 Musiker maximal<\/span><\/td><\/tr><tr><td>So 10.05.2020 <\/td><td>&nbsp;<\/td><td>Feuerwehrfest<\/td><td>Schmalnau<\/td><td><strong><span class=\"has-inline-color has-red-color\">abgesagt wegen Corona Situation<\/span><\/strong><\/td><\/tr><tr><td>So 17.05.2020<\/td><td><\/td><td>Fr\u00fchschoppen<\/td><td>Wanderclub Ebersberg<\/td><td><strong><span class=\"has-inline-color has-red-color\">abgesagt wegen Corona Situatio<\/span><span class=\"has-inline-color\" style=\"color:#a31d00\">n<\/span><\/strong><\/td><\/tr><tr><td>Do 21.05.2020<\/td><td>09:30<\/td><td>Christi Himmelfahrt<\/td><td>Schmalnau<\/td><td><strong><span class=\"has-inline-color has-red-color\">abgesagt wegen Corona Situation<\/span><\/strong><\/td><\/tr><tr><td>Do 21.05.2020<\/td><td>09:30<\/td><td>Christi Himmelfahrt<\/td><td>Weyhers<\/td><td><span class=\"has-inline-color has-dark-gray-color\">nur Kleinbesetzung \/ MV-Weyhers<\/span><\/td><\/tr><tr><td>So 07.06.2020<\/td><td>08:00<\/td><td>Bonifatius Wallfahrt<\/td><td>Fulda<\/td><td><strong><strong><span class=\"has-inline-color has-red-color\">abgesagt wegen Corona Situation<\/span><\/strong><\/strong><\/td><\/tr><tr><td>Do 11.06.2020<\/td><td>09:30<\/td><td>Fronleichnam<\/td><td>Weyhers<\/td><td><span class=\"has-inline-color has-dark-gray-color\">Wetterbedingt abgesagt<\/span><\/td><\/tr><tr><td>Sa 13.06.2020<\/td><td>17:00<\/td><td>Fest an der Siebenschl\u00e4ferkapelle<\/td><td>Weyhers<\/td><td><strong><span class=\"has-inline-color has-red-color\">abgesagt wegen Corona Situation<\/span><\/strong><\/td><\/tr><tr><td>So 14.06.2020<\/td><td>09:30<strong>&nbsp;<\/strong><\/td><td>Fronleichnam<\/td><td>Schmalnau<\/td><td>Wetterbedingt abgesagt<\/td><\/tr><tr><td>Sa 20.06.2020<\/td><td>19:00<\/td><td>Lindenplatzkonzert<\/td><td><\/td><td><strong><span class=\"has-inline-color has-red-color\"><strong>abgesagt wegen Corona Situation<\/strong><\/span><\/strong><\/td><\/tr><tr><td>So 19.07.2020<\/td><td>14:30&nbsp;<\/td><td>Brunnenfest<\/td><td>Hofbieber<\/td><td><strong><strong><span class=\"has-inline-color\" style=\"color:#a31d00\">abgesagt wegen Corona Situation<\/span><\/strong><\/strong><\/td><\/tr><tr><td>So 19.07.2020<\/td><td>17:00<\/td><td>Oldtimertreffen Fa. Sauer<\/td><td>Uttrichshausen<\/td><td><strong><strong><span class=\"has-inline-color has-red-color\">abgesagt wegen Corona Situation<\/span><\/strong><\/strong><\/td><\/tr><tr><td>Sa 25.07.2020<\/td><td>18:30<\/td><td>Proklamation Sch\u00fctzenfest<\/td><td>Fulda<\/td><td><strong><span class=\"has-inline-color has-red-color\">abgesagt wegen Corona Situation<\/span><\/strong><\/td><\/tr><tr><td>So 02.08.2020<\/td><td>08:00<\/td><td>Fr\u00fchschoppen<\/td><td>Sch\u00fctzenhaus Fulda<\/td><td><strong><span class=\"has-inline-color has-red-color\">abgesagt wegen Corona Situation<\/span><\/strong><\/td><\/tr><tr><td>So 02.08.2020<\/td><td>16:00<\/td><td>Seefest<\/td><td>Guckeisee<\/td><td><strong><strong><span class=\"has-inline-color has-red-color\">abgesagt wegen Corona Situation<\/span><\/strong><\/strong><\/td><\/tr><tr><td>Sa 29.08.2020<\/td><td>12:00<\/td><td>Museumsfest<\/td><td>Fladungen<\/td><td><strong><span class=\"has-inline-color\" style=\"color:#a31d00\">abgesagt wegen Corona Situation<\/span><\/strong><\/td><\/tr><tr><td>So 06.09.2020<\/td><td>11:00<\/td><td>70 Jahre MV-Thalau<\/td><td>Thalau<\/td><td><strong><span class=\"has-inline-color has-red-color\">abgesagt wegen Corona Situation<\/span><\/strong><\/td><\/tr><tr><td>Sa<strong> <\/strong>19.09.2020<\/td><td>20:00<\/td><td>Jahreshauptversammlung<\/td><td>Schmalnau<\/td><td><strong><span class=\"has-inline-color has-medium-orange-color\">abgesagt wegen Corona Situation<\/span><\/strong><\/td><\/tr><tr><td>So 04.10.2020<\/td><td>12:00<\/td><td>Kirmes<\/td><td>Schmalnau<\/td><td><span class=\"has-inline-color has-dark-gray-color\">nur bei sch\u00f6nem Wetter im Freien<\/span><\/td><\/tr><tr><td>So <\/td><td>13:00<\/td><td>Kirmes<\/td><td>Weyhers<\/td><td><strong><span class=\"has-inline-color has-red-color\">abgesagt wegen Corona Situation<\/span><\/strong><\/td><\/tr><tr><td>So <\/td><td>09:00<\/td><td>Kirmes<\/td><td>Hettenhausen<\/td><td><strong><span class=\"has-inline-color has-red-color\">abgesagt wegen Corona Situation<\/span><\/strong><\/td><\/tr><tr><td>&nbsp;<\/td><td>17:30<\/td><td>Martinszug<\/td><td>Weyhers<\/td><td><strong><span class=\"has-inline-color has-red-color\">abgesagt wegen Corona Situation<\/span><\/strong><\/td><\/tr><tr><td>&nbsp;<\/td><td>17:30<\/td><td>Martinszug<\/td><td>Schmalnau<\/td><td><strong><span class=\"has-inline-color has-red-color\">abgesagt wegen Corona Situation<\/span><\/strong><\/td><\/tr><tr><td>So 15.11.2020<\/td><td><\/td><td>Volkstrauertag<\/td><td>Friedhof Schmalnau<\/td><td><strong><span class=\"has-inline-color has-red-color\">abgesagt wegen Corona Situation<\/span><\/strong><\/td><\/tr><tr><td>So 15.11.2020<\/td><td>&nbsp;<\/td><td>Volkstrauertag<\/td><td>Friedhof Weyhers<\/td><td><strong><span class=\"has-inline-color has-red-color\">abgesagt wegen Corona Situation<\/span><\/strong><\/td><\/tr><tr><td>So 06.12.2020<\/td><td>15:00<\/td><td>Weihnachtsmarkt<\/td><td>Schlitz<\/td><td><strong><span class=\"has-inline-color has-red-color\">abgesagt wegen Corona Situation<\/span><\/strong><\/td><\/tr><tr><td>Fr 11.12.2020<\/td><td><\/td><td>Weihnachtsfeier<\/td><td><\/td><td><strong><span class=\"has-inline-color has-red-color\">abgesagt wegen Corona Situation<\/span><\/strong><\/td><\/tr><tr><td>So 20.12.2020<\/td><td>16:00<\/td><td>Weihnachtskonzert<\/td><td>Kirche Schmalnau<\/td><td><span class=\"has-inline-color has-red-color\"><strong>abgesagt wegen Corona Situation<\/strong><\/span><\/td><\/tr><tr><td>Do 24.12.2020<\/td><td>15:30<\/td><td>Altenheim<\/td><td>Weyhers<\/td><td><strong><span class=\"has-inline-color has-red-color\">abgesagt wegen Corona Situation<\/span><\/strong><\/td><\/tr><tr><td>Do 24.12.2020<\/td><td>18.00<\/td><td>Christmette<\/td><td>Kirche Schmalnau<\/td><td><strong><span class=\"has-inline-color has-red-color\">abgesagt wegen Corona Situation<\/span><\/strong><\/td><\/tr><tr><td>Sa 26.12.2020<\/td><td><\/td><td>Hochamt<\/td><td>Kirche Weyhers<\/td><td><strong><span class=\"has-inline-color has-red-color\">abgesagt wegen Corona Situation<\/span><\/strong><\/td><\/tr><\/tbody><\/table><\/figure>\n\n\n\n<p><\/p>\n\n\n\n<figure class=\"wp-block-table\"><table><tbody><tr><td><\/td><td><\/td><\/tr><tr><td><\/td><td><\/td><\/tr><\/tbody><\/table><\/figure>\n\n\n\n<p><\/p>\n","protected":false},"excerpt":{"rendered":"<p>Datum Zeit Titel Ort Kurzbeschreibung Do 23.01.2020 19:30 Erste Probe&nbsp;im neuen Jahr B\u00fcrgerhaus Schmalnau &nbsp; Sa 22.02.2020 14:01 Seniorenfasching B\u00fcrgerhaus Weyhers So &nbsp; Wei\u00dfer Sonntag Weyhers abgesagt wegen Corona Situation Do 07.05.2020 19:00 Maiandacht an der Grotte Grotte Schmalnau nur mit 4 Musiker maximal So 10.05.2020 &nbsp; Feuerwehrfest Schmalnau abgesagt wegen Corona Situation So 17.05.2020 &hellip; <a href=\"https:\/\/mv-schmalnau.de\/index.php\/termine-2020\/\" class=\"more-link\"><span class=\"screen-reader-text\">Termine 2020<\/span> weiterlesen <span class=\"meta-nav\">&rarr;<\/span><\/a><\/p>\n","protected":false},"author":1,"featured_media":0,"parent":0,"menu_order":0,"comment_status":"closed","ping_status":"closed","template":"","meta":{"footnotes":""},"class_list":["post-2105","page","type-page","status-publish","hentry"],"_links":{"self":[{"href":"https:\/\/mv-schmalnau.de\/index.php\/wp-json\/wp\/v2\/pages\/2105","targetHints":{"allow":["GET"]}}],"collection":[{"href":"https:\/\/mv-schmalnau.de\/index.php\/wp-json\/wp\/v2\/pages"}],"about":[{"href":"https:\/\/mv-schmalnau.de\/index.php\/wp-json\/wp\/v2\/types\/page"}],"author":[{"embeddable":true,"href":"https:\/\/mv-schmalnau.de\/index.php\/wp-json\/wp\/v2\/users\/1"}],"replies":[{"embeddable":true,"href":"https:\/\/mv-schmalnau.de\/index.php\/wp-json\/wp\/v2\/comments?post=2105"}],"version-history":[{"count":0,"href":"https:\/\/mv-schmalnau.de\/index.php\/wp-json\/wp\/v2\/pages\/2105\/revisions"}],"wp:attachment":[{"href":"https:\/\/mv-schmalnau.de\/index.php\/wp-json\/wp\/v2\/media?parent=2105"}],"curies":[{"name":"wp","href":"https:\/\/api.w.org\/{rel}","templated":true}]}}