{"id":902,"date":"2014-08-04T12:16:24","date_gmt":"2014-08-04T12:16:24","guid":{"rendered":"http:\/\/mv-schmalnau.de\/?page_id=902"},"modified":"2019-10-03T12:45:16","modified_gmt":"2019-10-03T12:45:16","slug":"chronik-musikverein-schmalnau-1983-e-v","status":"publish","type":"page","link":"https:\/\/mv-schmalnau.de\/index.php\/chronik-musikverein-schmalnau-1983-e-v\/","title":{"rendered":"Chronik Musikverein Schmalnau 1983 e.V."},"content":{"rendered":"<p><strong>\u00a0<\/strong><\/p>\n<p><a href=\"http:\/\/mv-schmalnau.de\/wp-content\/uploads\/2012\/05\/wapp.bmp\"><img loading=\"lazy\" decoding=\"async\" class=\"wp-image-209 aligncenter\" src=\"http:\/\/mv-schmalnau.de\/wp-content\/uploads\/2012\/05\/wappen_app.jpg\" alt=\"wappen_app\" width=\"212\" height=\"223\" \/><\/a><\/p>\n<h4 style=\"color: #000000;\">Der Verein im Gr\u00fcndungsjahr 1983<\/h4>\n<p><span style=\"text-decoration: underline;\"><em><a href=\"http:\/\/mv-schmalnau.de\/wp-content\/uploads\/2014\/07\/gruendungsbild-e1406713904883.jpg\"><img loading=\"lazy\" decoding=\"async\" class=\"aligncenter wp-image-906 size-full\" src=\"http:\/\/mv-schmalnau.de\/wp-content\/uploads\/2014\/07\/gruendungsbild-e1406713904883.jpg\" alt=\"Gr\u00fcndungsbild\" width=\"1332\" height=\"762\" srcset=\"https:\/\/mv-schmalnau.de\/wp-content\/uploads\/2014\/07\/gruendungsbild-e1406713904883.jpg 1332w, https:\/\/mv-schmalnau.de\/wp-content\/uploads\/2014\/07\/gruendungsbild-e1406713904883-300x171.jpg 300w, https:\/\/mv-schmalnau.de\/wp-content\/uploads\/2014\/07\/gruendungsbild-e1406713904883-1024x585.jpg 1024w, https:\/\/mv-schmalnau.de\/wp-content\/uploads\/2014\/07\/gruendungsbild-e1406713904883-600x343.jpg 600w\" sizes=\"auto, (max-width: 1332px) 100vw, 1332px\" \/><\/a><br \/>\n<strong>Hintere Reihe v.l.n.r.:<\/strong><\/em><\/span><em><span style=\"color: #000000;\">\u00a0Dietmar Happ, Matthias M\u00fcck, Siegrid Zeller, Martin Johna, Georg Weikart, Joachim Fischer, Cordula Dermbach, Thorsten Halbleib, Bernhard Farnung, Erich Happ, Michael Diel, Engelbert Kleinhenz (\u2020)<\/span><\/em><\/p>\n<p style=\"color: #000000;\"><em><strong><span style=\"text-decoration: underline;\">Mittlere Reihe v.l.n.r.:<\/span><\/strong>\u00a0Martin Happ, Egon Ulrich(\u2020) , Alexander Leis, Markus Ulrich, Michaela Baier, Alexandra \u00dcbelacker, Ute Kr\u00f6nung, Alexandra Happ, Rudolf \u00dcbelacker<\/em><\/p>\n<p style=\"color: #000000;\"><em><strong><span style=\"text-decoration: underline;\">Vordere Reihe v.l.n.r.:<\/span><\/strong>\u00a0\u00a0Hubert Fischer(<i>\u2020<\/i>), Herrmann Paessler (\u2020), Judith \u00dcbelacker, Alexandra \u00dcbelacker, n.n, n Halbleib, Barbara Wahl, Christina Diel, Dirigent Rudolf Kratzer (\u2020)<\/em><\/p>\n<p>Vor der offiziellen Gr\u00fcndung des Musikvereins hat Pfarrer Martin J\u00e4ger im Jahr 1978 in privater Initiative Instrumente bereitgestellt und eine so genannte <em style=\"color: #141412; font-family: 'Source Sans Pro', Helvetica, sans-serif; font-size: 16px; line-height: 1.5; background-color: #ffffff;\">\u201eBl\u00e4sergruppe\u201c<\/em>\u00a0 gegr\u00fcndet. Pfarrer Martin J\u00e4ger gewann Rudolf Kratzer aus Fulda als Dirigenten. So wurden recht schnell nach den notwendigen Grundz\u00fcgen der Instrumentalausbildung Kirchenlieder f\u00fcr die Prozessionen einstudiert. Auch Unterhaltungsmusik wurde zu Pfarrfesten und St\u00e4ndchen dargebracht.<\/p>\n<p><strong>\u201eBl\u00e4sergruppe \u2013 So fing alles an\u201c in der Zeit etwa 1980 \u00a0\u00a0<\/strong>(vor der Vereinsgr\u00fcndung)<\/p>\n<address><a href=\"http:\/\/mv-schmalnau.de\/wp-content\/uploads\/2014\/07\/blaesergruppe.jpg\"><img loading=\"lazy\" decoding=\"async\" class=\"aligncenter size-full wp-image-907\" src=\"http:\/\/mv-schmalnau.de\/wp-content\/uploads\/2014\/07\/blaesergruppe.jpg\" alt=\"Bl\u00e4sergruppe\" width=\"1872\" height=\"1260\" srcset=\"https:\/\/mv-schmalnau.de\/wp-content\/uploads\/2014\/07\/blaesergruppe.jpg 1872w, https:\/\/mv-schmalnau.de\/wp-content\/uploads\/2014\/07\/blaesergruppe-300x201.jpg 300w, https:\/\/mv-schmalnau.de\/wp-content\/uploads\/2014\/07\/blaesergruppe-1024x689.jpg 1024w, https:\/\/mv-schmalnau.de\/wp-content\/uploads\/2014\/07\/blaesergruppe-600x403.jpg 600w\" sizes=\"auto, (max-width: 1872px) 100vw, 1872px\" \/><\/a><\/address>\n<address><strong><span style=\"text-decoration: underline;\">Hintere Reihe v.l.n.r.:<\/span><\/strong> Martin Johna, J\u00fcrgen Hofmann (Ausbilder), Michael Beirig, (Ausbilder), Markus Storch, Matthias M\u00fcck, Bernhard Farnung.<\/address>\n<address><strong><span style=\"text-decoration: underline;\">Mittlere Reihe v.l.n.r.:<\/span><\/strong> Egon Ulrich (<em style=\"color: #000000;\">\u2020), Michaela Link, Siegrid Fischer, Dirigent Rudolf Kratzer\u00a0(<em>\u2020).<\/em><\/em><\/address>\n<address><strong><span style=\"text-decoration: underline;\">Vordere Reihe v.l.n.r.:<\/span><\/strong> Markus Ulrich, Dietmar Happ, Initiator Bl\u00e4sergruppe Pfarrer Martin J\u00e4ger (<em style=\"color: #000000;\">\u2020), Georg Weikart, Joachim Fischer. ( Sp\u00e4ter kamen noch Engelbert Kleinhenz\u00a0(<em>\u2020),\u00a0<\/em><\/em><em style=\"color: #000000;\"><em>Erich Happ und Hubert Fischer(<i>\u2020<\/i>) hinzu.)<\/em><\/em><\/address>\n<div><\/div>\n<p>Aus der einstigen <em>\u201eBl\u00e4sergruppe\u201c<\/em> spielen heute noch folgende Musikerinnen und Musiker aktiv im Musikverein mit: <em>Siegrid Zeller, Erich Happ, \u00a0Joachim Fischer, Markus Ulrich, Bernhard Farnung, Martin Johna, Georg Weikart und Matthias M\u00fcck.<\/em><\/p>\n<p>Im Sp\u00e4tsommer 1983 wurde ein Gr\u00fcndungsausschuss gebildet, der einen <em>Musikverein Schmalnau 1983 e.V.<\/em> samt Satzung am <strong>28. Oktober 1983<\/strong> im Rahmen einer Gr\u00fcndungsversammlung ins Leben gerufen hat. Der Gr\u00fcndungsausschuss setzte sich wie folgt zusammen:<\/p>\n<p><strong><em>Erich Baier (\u2020), Dietmar Happ, Norbert Happ (\u2020) , Martin Johna, Engelbert Kleinhenz (<em style=\"color: #000000;\">\u2020)<\/em>, Rudolf \u00dcbelacker und Karl Weikart.<\/em><\/strong><\/p>\n<p>Aus der Gr\u00fcndungsversammlung am 28.10.1983 gingen folgende wichtigen Besetzungen hervor:<\/p>\n<p>1. Vorsitzender des Musikvereins wurde Norbert Happ \u00a0(\u20201997) und blieb dies bis Herbst 1990.<\/p>\n<p>1. Dirigent des Vereins wurde Rudolf Kratzer (\u2020) und blieb dies bis 1985<\/p>\n<p><strong>Vorsitzende<\/strong><\/p>\n<p>Das Amt des 1. Vorsitzenden begleiteten bis heute:<\/p>\n<p>Norbert Happ (\u20201997) 1983-1990<\/p>\n<p>Heribert Belz\u00a0\u00a0\u00a0\u00a0\u00a0\u00a0\u00a0\u00a0\u00a0\u00a0\u00a0\u00a0\u00a0\u00a0 1990-1993<\/p>\n<p>Georg Weikart\u00a0\u00a0\u00a0\u00a0\u00a0\u00a0\u00a0\u00a0\u00a0\u00a0\u00a0\u00a0 1993-1995<\/p>\n<p>Markus Ulrich\u00a0\u00a0\u00a0\u00a0\u00a0\u00a0\u00a0\u00a0\u00a0\u00a0\u00a0\u00a0 1995-1999<\/p>\n<p>Dietmar Happ\u00a0\u00a0\u00a0\u00a0\u00a0\u00a0\u00a0\u00a0\u00a0\u00a0\u00a0\u00a0 1999-2001<\/p>\n<p>Georg Weikart\u00a0\u00a0\u00a0\u00a0\u00a0\u00a0\u00a0\u00a0\u00a0\u00a0\u00a0\u00a0 2001-2003<\/p>\n<p>Daniel Kreis\u00a0\u00a0\u00a0\u00a0\u00a0\u00a0\u00a0\u00a0\u00a0\u00a0\u00a0\u00a0\u00a0\u00a0\u00a0 2003-2007<\/p>\n<p>Markus Ulrich\u00a0\u00a0\u00a0\u00a0\u00a0\u00a0\u00a0\u00a0\u00a0\u00a0\u00a0\u00a0 2007-2009<\/p>\n<p>Matthias M\u00fcck \u00a0 \u00a0 \u00a0 \u00a0 \u00a0 \u00a02009-heute<\/p>\n<p><strong><br \/>\nDirigenten<\/strong><\/p>\n<p>Rudolf Kratzer (\u2020)\u00a0\u00a0 \u00a0(Fulda)\u00a0\u00a0\u00a0\u00a0\u00a0\u00a0\u00a0\u00a0\u00a0\u00a0\u00a0\u00a0\u00a0\u00a0\u00a0\u00a0\u00a0 1983-1985 (2 Jahre)<\/p>\n<p>Horst Menz (\u2020)\u00a0\u00a0 \u00a0 \u00a0 \u00a0 (L\u00fctter)\u00a0\u00a0\u00a0\u00a0\u00a0\u00a0\u00a0\u00a0\u00a0\u00a0\u00a0\u00a0\u00a0\u00a0\u00a0\u00a0\u00a0 1985-1987 (2 Jahre)<\/p>\n<p>Arnold Huf\u00a0\u00a0\u00a0\u00a0\u00a0\u00a0\u00a0\u00a0\u00a0\u00a0\u00a0\u00a0 (Hosenfeld)\u00a0\u00a0\u00a0\u00a0\u00a0\u00a0\u00a0\u00a0\u00a0\u00a0\u00a0\u00a0\u00a0\u00a0\u00a0\u00a0\u00a0\u00a0\u00a0\u00a0 1987-1996 (9 Jahre)<\/p>\n<p>Thomas Witzel\u00a0\u00a0\u00a0\u00a0\u00a0\u00a0\u00a0\u00a0\u00a0\u00a0\u00a0 \u00a0\u00a0\u00a0\u00a0 \u00a0(K\u00fcnzell)\u00a0\u00a0\u00a0\u00a0\u00a0\u00a0\u00a0\u00a0\u00a0\u00a0\u00a0\u00a0\u00a0\u00a0 1996-2001 (5 Jahre)<\/p>\n<p>Patrik Hillenbrand (Rothemann) \u00a0 \u00a0 \u00a0 \u00a0 2001-heute<\/p>\n<p><a href=\"http:\/\/mv-schmalnau.de\/wp-content\/uploads\/2014\/08\/dirigent-patrik.jpg\"><img loading=\"lazy\" decoding=\"async\" class=\"wp-image-1235 size-thumbnail\" src=\"http:\/\/mv-schmalnau.de\/wp-content\/uploads\/2014\/08\/dirigent-patrik-150x150.jpg\" alt=\"Dirigent Patrik\" width=\"150\" height=\"150\" \/><\/a><\/p>\n<address>Dirigent Patrik Hillenbrand<\/address>\n<h6><\/h6>\n<h6><strong>Ehrenmitglieder<\/strong><\/h6>\n<p>Rudolf Kratzer\u00a0(<em style=\"color: #000000;\">\u2020)<\/em>\u00a0 \u00a0 \u00a0 \u00a0 \u00a0 \u00a0 \u00a0 \u00a0 \u00a0 \u00a0 \u00a0 \u00a0 \u00a0 \u00a0 \u00a0 \u00a0 \u00a0 \u00a0 \u00a0 \u00a0 \u00a0 \u00a0 \u00a0 \u00a0 \u00a0 \u00a0 \u00a0 \u00a0 \u00a0 \u00a0 \u00a0 Ehrendirigent<\/p>\n<p>Herrmann Paessler (<em style=\"color: #000000;\">\u2020)<\/em>\u00a0(geb. in Schlesien) \u00a0\u00a0\u00a0\u00a0\u00a0\u00a0\u00a0 Klarinettist und kl. Trommel (Milit\u00e4rmusiker)<\/p>\n<p>Hubert Fischer (<i>\u2020<\/i>) \u00a0 \u00a0 \u00a0 \u00a0 \u00a0 \u00a0 \u00a0 \u00a0 \u00a0 \u00a0 \u00a0 \u00a0 \u00a0 \u00a0 \u00a0 \u00a0 \u00a0 \u00a0 \u00a0 \u00a0 \u00a0 \u00a0 \u00a0 \u00a0 \u00a0 \u00a0 \u00a0 \u00a0 \u00a0\u00a0 Pauke und Becken<\/p>\n<p>Engelbert Kleinhenz\u00a0(<em style=\"color: #000000;\">\u2020)<\/em>\u00a0 \u00a0 \u00a0 \u00a0 \u00a0 \u00a0 \u00a0 \u00a0 \u00a0 \u00a0 \u00a0 \u00a0 \u00a0 \u00a0 \u00a0 \u00a0 \u00a0 \u00a0 \u00a0 \u00a0 \u00a0 \u00a0 \u00a0 \u00a0 \u00a0Tuba<\/p>\n<p>Erich Happ \u00a0 \u00a0 \u00a0 \u00a0 \u00a0 \u00a0 \u00a0 \u00a0 \u00a0 \u00a0 \u00a0 \u00a0 \u00a0 \u00a0 \u00a0 \u00a0 \u00a0 \u00a0 \u00a0 \u00a0 \u00a0 \u00a0 \u00a0 \u00a0 \u00a0 \u00a0 \u00a0 \u00a0 \u00a0 \u00a0 \u00a0 \u00a0 \u00a0 \u00a0 \u00a0 \u00a0 \u00a0 \u00a01. Tenorhorn<\/p>\n<p><strong>\u00a0<\/strong><\/p>\n<p><a href=\"http:\/\/mv-schmalnau.de\/wp-content\/uploads\/2014\/08\/hubert-fischer.jpg\"><img loading=\"lazy\" decoding=\"async\" class=\"aligncenter size-full wp-image-1244\" src=\"http:\/\/mv-schmalnau.de\/wp-content\/uploads\/2014\/08\/hubert-fischer.jpg\" alt=\"Hubert Fischer\" width=\"165\" height=\"265\" \/><\/a><\/p>\n<address style=\"text-align: center;\">Ehrenmitglied Hubert Fischer (<i>\u2020<\/i>)<\/address>\n<address style=\"text-align: center;\">\u00a0<\/address>\n<p><strong><a href=\"http:\/\/mv-schmalnau.de\/wp-content\/uploads\/2014\/08\/ehrenmitglieder2.jpg\"><img loading=\"lazy\" decoding=\"async\" class=\"aligncenter size-full wp-image-1257\" src=\"http:\/\/mv-schmalnau.de\/wp-content\/uploads\/2014\/08\/ehrenmitglieder2.jpg\" alt=\"Ehrenmitglieder2\" width=\"1540\" height=\"1222\" srcset=\"https:\/\/mv-schmalnau.de\/wp-content\/uploads\/2014\/08\/ehrenmitglieder2.jpg 1540w, https:\/\/mv-schmalnau.de\/wp-content\/uploads\/2014\/08\/ehrenmitglieder2-300x238.jpg 300w, https:\/\/mv-schmalnau.de\/wp-content\/uploads\/2014\/08\/ehrenmitglieder2-1024x812.jpg 1024w, https:\/\/mv-schmalnau.de\/wp-content\/uploads\/2014\/08\/ehrenmitglieder2-600x476.jpg 600w\" sizes=\"auto, (max-width: 1540px) 100vw, 1540px\" \/><\/a><\/strong><\/p>\n<address><strong><span style=\"font-weight: normal; color: #000000;\">Seit Dezember 2010 neue Ehrenmitglieder v.l.n.r: Engelbert Kleinhenz (\u2020) \u00a0und Erich Happ, neben dem 1. Vorsitzendem Matthias M\u00fcck<\/span><\/strong><\/address>\n<p><strong>In Memoriam \u2013 Verstorbene aktive Vereinsmitglieder\u00a0 und verdienstvolle Menschen um den Musikverein.<\/strong><\/p>\n<p><strong>\u00a0<\/strong><\/p>\n<p>Egon Ulrich (\u20201997) \u00a0 \u00a0 \u00a0 \u00a0 \u00a0 \u00a0 \u00a0 \u00a0 \u00a0 \u00a0<em>Fl\u00fcgelhorn und<\/em> <em>bereits Mitglied der Bl\u00e4sergruppe<\/em><\/p>\n<p>Yvonne Ulrich (\u20201997) \u00a0 \u00a0 \u00a0 \u00a0 \u00a0 \u00a0 \u00a0\u00a0<em>Querfl\u00f6te<\/em><\/p>\n<p>Herrmann Paessler (\u2020) \u00a0 \u00a0 \u00a0 \u00a0 \u00a0 \u00a0 \u00a0<em>Ehrenmitglied<\/em><\/p>\n<p>Rudolf Kratzer (\u2020) \u00a0 \u00a0 \u00a0 \u00a0 \u00a0 \u00a0 \u00a0 \u00a0 \u00a0 \u00a0 \u00a0 \u00a0<em>bereits Dirigent der Bl\u00e4sergruppe und Ehrendirigent<\/em><\/p>\n<p>Horst Menz\u00a0(\u2020) \u00a0 \u00a0 \u00a0 \u00a0 \u00a0 \u00a0 \u00a0 \u00a0 \u00a0 \u00a0 \u00a0 \u00a0 \u00a0 \u00a0 \u00a0<em>Dirigent<\/em><\/p>\n<p>Guido Ulrich\u00a0(\u2020) \u00a0 \u00a0 \u00a0 \u00a0 \u00a0 \u00a0 \u00a0 \u00a0 \u00a0 \u00a0 \u00a0 \u00a0 \u00a0 Mitglied im Festausschu\u00df<\/p>\n<p>Engelbert Kleinhenz (\u2020) \u00a0 \u00a0 \u00a0 \u00a0 \u00a0<em>Tuba und Ehrenmitglied<\/em><\/p>\n<p>Hubert Fischer (\u2020) \u00a0 \u00a0 \u00a0 \u00a0 \u00a0 \u00a0 \u00a0 \u00a0 \u00a0 \u00a0\u00a0 <em>gro\u00dfe Trommel und Ehrenmitglied<\/em><\/p>\n<p><strong>Aktive Musikerinnen und Musiker im Januar 2011 <\/strong><\/p>\n<p><strong>Holzsatz<\/strong><\/p>\n<p>Julia Farnung \u00a0 \u00a0 \u00a0 \u00a0 \u00a0 \u00a0 \u00a0 \u00a0 \u00a0 \u00a0 \u00a0 \u00a0 \u00a0 \u00a0 \u00a0 \u00a0 (Querfl\u00f6te und Piccolofl\u00f6te)<\/p>\n<p>Lilly Voss \u00a0 \u00a0 \u00a0 \u00a0 \u00a0 \u00a0 \u00a0 \u00a0 \u00a0 \u00a0 \u00a0 \u00a0 \u00a0 \u00a0 \u00a0 \u00a0 \u00a0 \u00a0 \u00a0 \u00a0 \u00a0 \u00a0(Querfl\u00f6te)<\/p>\n<p>Christina Kress geb. Weber\u00a0\u00a0\u00a0\u00a0 (Klarinette)<\/p>\n<p>Alina Johna \u00a0 \u00a0 \u00a0 \u00a0 \u00a0 \u00a0 \u00a0 \u00a0 \u00a0 \u00a0 \u00a0 \u00a0 \u00a0 \u00a0 \u00a0 \u00a0 \u00a0 \u00a0 \u00a0(Klarinette)<\/p>\n<p>Ricarda Johna \u00a0 \u00a0 \u00a0 \u00a0 \u00a0 \u00a0 \u00a0 \u00a0 \u00a0 \u00a0 \u00a0 \u00a0 \u00a0 \u00a0 \u00a0 \u00a0 (Klarinette)<\/p>\n<p>Saphira Wahl \u00a0 \u00a0 \u00a0 \u00a0 \u00a0 \u00a0 \u00a0 \u00a0 \u00a0 \u00a0 \u00a0 \u00a0 \u00a0 \u00a0 \u00a0 \u00a0 \u00a0 \u00a0(Klarinette \/ Posaune in Ausbildung)<\/p>\n<p>Markus Farnung \u00a0 \u00a0 \u00a0 \u00a0 \u00a0 \u00a0 \u00a0 \u00a0 \u00a0 \u00a0 \u00a0 \u00a0 \u00a0 \u00a0 (Alt-Saxophon)<\/p>\n<p><strong>Hochblech<\/strong><\/p>\n<p>Siegrid Zeller geb. Fischer\u00a0\u00a0\u00a0\u00a0\u00a0\u00a0 (1. Fl\u00fcgelhorn)<\/p>\n<p>Markus Ulrich \u00a0 \u00a0 \u00a0 \u00a0 \u00a0 \u00a0 \u00a0 \u00a0 \u00a0 \u00a0 \u00a0 \u00a0 \u00a0 \u00a0 \u00a0 \u00a0 \u00a0(1. Fl\u00fcgelhorn)<\/p>\n<p>Harald Hergenhan \u00a0 \u00a0 \u00a0 \u00a0 \u00a0 \u00a0 \u00a0 \u00a0 \u00a0 \u00a0 \u00a0 \u00a0 (1. Fl\u00fcgelhorn)<\/p>\n<p>Heribert Belz \u00a0 \u00a0 \u00a0 \u00a0 \u00a0 \u00a0 \u00a0 \u00a0 \u00a0 \u00a0 \u00a0 \u00a0 \u00a0 \u00a0 \u00a0 \u00a0 \u00a0 \u00a0 (2. Fl\u00fcgelhorn)<\/p>\n<p>Katrin Albinger geb. Ebert \u00a0 \u00a0 \u00a0 \u00a0 (2. Fl\u00fcgelhorn)<\/p>\n<p>Maximilian Dr\u00fcschler \u00a0 \u00a0 \u00a0 \u00a0 \u00a0 \u00a0 \u00a0 \u00a0 \u00a0 (2. Fl\u00fcgelhorn)<\/p>\n<p>Stephanus Bauer \u00a0 \u00a0 \u00a0 \u00a0 \u00a0 \u00a0 \u00a0 \u00a0 \u00a0 \u00a0 \u00a0 \u00a0 \u00a0 \u00a0(2. Fl\u00fcgelhorn)<\/p>\n<p>Philippus Bauer \u00a0 \u00a0 \u00a0 \u00a0 \u00a0 \u00a0 \u00a0 \u00a0 \u00a0 \u00a0 \u00a0 \u00a0 \u00a0 \u00a0 \u00a0 (2. Fl\u00fcgelhorn)<\/p>\n<p>Georg Weikart \u00a0 \u00a0 \u00a0 \u00a0 \u00a0 \u00a0 \u00a0 \u00a0 \u00a0 \u00a0 \u00a0 \u00a0 \u00a0 \u00a0 \u00a0 \u00a0 \u00a0 (1. Trompete)<\/p>\n<p>Andreas Bauer \u00a0 \u00a0 \u00a0 \u00a0 \u00a0 \u00a0 \u00a0 \u00a0 \u00a0 \u00a0 \u00a0 \u00a0 \u00a0 \u00a0 \u00a0 \u00a0 \u00a0(2. Trompete)<\/p>\n<p>Tizian Wahl \u00a0 \u00a0 \u00a0 \u00a0 \u00a0 \u00a0 \u00a0 \u00a0 \u00a0 \u00a0 \u00a0 \u00a0 \u00a0 \u00a0 \u00a0 \u00a0 \u00a0 \u00a0 \u00a0 \u00a0 (2. Trompete)<\/p>\n<p><strong>Tiefes Blech<\/strong><\/p>\n<p>Dietmar Happ \u00a0 \u00a0 \u00a0 \u00a0 \u00a0 \u00a0 \u00a0 \u00a0 \u00a0 \u00a0 \u00a0 \u00a0 \u00a0 \u00a0(1. Posaune)<\/p>\n<p>Dietmar Schleicher\u00a0\u00a0\u00a0\u00a0\u00a0\u00a0\u00a0\u00a0\u00a0\u00a0\u00a0\u00a0\u00a0\u00a0\u00a0\u00a0 (1. Posaune)<\/p>\n<p>Bernhard Farnung \u00a0 \u00a0 \u00a0 \u00a0 \u00a0 \u00a0 \u00a0 \u00a0 \u00a0(2. Posaune)<\/p>\n<p>Erich Happ \u00a0 \u00a0 \u00a0 \u00a0 \u00a0 \u00a0 \u00a0 \u00a0 \u00a0 \u00a0 \u00a0 \u00a0 \u00a0 \u00a0 \u00a0 \u00a0 \u00a0(1. Tenorhorn)<\/p>\n<p>Martin Johna \u00a0 \u00a0 \u00a0 \u00a0 \u00a0 \u00a0 \u00a0 \u00a0 \u00a0 \u00a0 \u00a0 \u00a0 \u00a0 \u00a0 (1. Tenorhorn)<\/p>\n<p>Joachim Fischer\u00a0\u00a0\u00a0\u00a0\u00a0\u00a0\u00a0\u00a0\u00a0\u00a0\u00a0\u00a0\u00a0\u00a0\u00a0\u00a0\u00a0\u00a0\u00a0\u00a0\u00a0 (Bariton\/Posaune)<\/p>\n<p>Markus Sauer \u00a0 \u00a0 \u00a0 \u00a0 \u00a0 \u00a0 \u00a0 \u00a0 \u00a0 \u00a0 \u00a0 \u00a0 \u00a0 \u00a0(Bariton\/Posaune)<\/p>\n<p>Engelbert Kleinhenz\u00a0\u00a0\u00a0\u00a0\u00a0\u00a0\u00a0\u00a0\u00a0\u00a0\u00a0\u00a0\u00a0\u00a0 (Tuba)<\/p>\n<p>Alfred Dr\u00fcschler \u00a0 \u00a0 \u00a0 \u00a0 \u00a0 \u00a0 \u00a0 \u00a0 \u00a0 \u00a0 \u00a0(E-Bass\/Tuba)<\/p>\n<p>Matthias M\u00fcck \u00a0 \u00a0 \u00a0 \u00a0 \u00a0 \u00a0 \u00a0 \u00a0 \u00a0 \u00a0 \u00a0 \u00a0 \u00a0 \u00a0(Anlage\/Schlagzeug\/Tuba)<\/p>\n<p><strong>Rhythmusgruppe<\/strong><\/p>\n<p>Ramona Michel\u00a0\u00a0\u00a0\u00a0\u00a0\u00a0\u00a0\u00a0\u00a0\u00a0\u00a0\u00a0\u00a0\u00a0\u00a0\u00a0\u00a0\u00a0\u00a0\u00a0\u00a0\u00a0\u00a0\u00a0\u00a0\u00a0\u00a0\u00a0\u00a0\u00a0\u00a0\u00a0\u00a0 (Schlagzeug)<\/p>\n<p>Michael Ruppel \u00a0 \u00a0 \u00a0 \u00a0 \u00a0 \u00a0 \u00a0 \u00a0 \u00a0 \u00a0 \u00a0 \u00a0 \u00a0 \u00a0 \u00a0 \u00a0 \u00a0 (gro\u00dfe Trommel)<\/p>\n<p><strong>Gesang<\/strong><\/p>\n<p>Patrik Hillenbrand, Ina G\u00fcnder<\/p>\n<p><strong>\u00a0<\/strong><strong>\u00a0<\/strong><\/p>\n<p><strong>Jungendgruppe und Musiker in Ausbildung im Januar 2011<\/strong><\/p>\n<p>Julia Farnung\u00a0\u00a0\u00a0\u00a0\u00a0\u00a0\u00a0\u00a0\u00a0\u00a0\u00a0\u00a0\u00a0\u00a0\u00a0\u00a0\u00a0\u00a0\u00a0\u00a0\u00a0\u00a0\u00a0\u00a0\u00a0 (Querfl\u00f6te und Piccolofl\u00f6te)<\/p>\n<p>Lilly Voss \u00a0 \u00a0 \u00a0 \u00a0 \u00a0 \u00a0 \u00a0 \u00a0 \u00a0 \u00a0 \u00a0 \u00a0 \u00a0 \u00a0 \u00a0 \u00a0 \u00a0 \u00a0 (Querfl\u00f6te)<\/p>\n<p>Markus Farnung \u00a0 \u00a0 \u00a0 \u00a0 \u00a0 \u00a0 \u00a0 \u00a0 \u00a0 \u00a0 (Alt-Es-Saxophon)<\/p>\n<p>Alina Johna \u00a0 \u00a0 \u00a0 \u00a0 \u00a0 \u00a0 \u00a0 \u00a0 \u00a0 \u00a0 \u00a0 \u00a0 \u00a0 \u00a0 \u00a0 (Klarinette)<\/p>\n<p>Ricarda Johna \u00a0 \u00a0 \u00a0 \u00a0 \u00a0 \u00a0 \u00a0 \u00a0 \u00a0 \u00a0 \u00a0 \u00a0 \u00a0(Klarinette)<\/p>\n<p>Saphira Wahl \u00a0 \u00a0 \u00a0 \u00a0 \u00a0 \u00a0 \u00a0 \u00a0 \u00a0 \u00a0 \u00a0 \u00a0 \u00a0 \u00a0 (Klarinette \/ Posaune in Ausbildung)<\/p>\n<p>Maximilian Dr\u00fcschler\u00a0\u00a0\u00a0\u00a0\u00a0\u00a0\u00a0\u00a0\u00a0\u00a0\u00a0\u00a0 (Fl\u00fcgelhorn)<\/p>\n<p>Stephanus Bauer\u00a0\u00a0\u00a0\u00a0\u00a0\u00a0\u00a0\u00a0\u00a0\u00a0\u00a0\u00a0\u00a0\u00a0\u00a0\u00a0\u00a0\u00a0\u00a0\u00a0 (Fl\u00fcgelhorn)<\/p>\n<p>Philippus Bauer \u00a0 \u00a0 \u00a0 \u00a0 \u00a0 \u00a0 \u00a0 \u00a0 \u00a0 \u00a0 \u00a0 \u00a0(Fl\u00fcgelhorn)<\/p>\n<p>Andreas Bauer \u00a0 \u00a0 \u00a0 \u00a0 \u00a0 \u00a0 \u00a0 \u00a0 \u00a0 \u00a0 \u00a0 \u00a0 \u00a0 (Trompete)<\/p>\n<p>Tizian Wahl \u00a0 \u00a0 \u00a0 \u00a0 \u00a0 \u00a0 \u00a0 \u00a0 \u00a0 \u00a0 \u00a0 \u00a0 \u00a0 \u00a0 \u00a0 \u00a0 (Trompete)<\/p>\n<p>Leona Weikart \u00a0 \u00a0 \u00a0 \u00a0 \u00a0 \u00a0 \u00a0 \u00a0 \u00a0 \u00a0 \u00a0 \u00a0 \u00a0 (Trompete)<\/p>\n<p>Maximilian Sauer\u00a0\u00a0\u00a0\u00a0\u00a0\u00a0\u00a0\u00a0\u00a0\u00a0\u00a0\u00a0\u00a0\u00a0\u00a0\u00a0\u00a0\u00a0\u00a0 (Posaune)<\/p>\n<p>Alexander K\u00f6hler \u00a0 \u00a0 \u00a0 \u00a0 \u00a0 \u00a0 \u00a0 \u00a0 \u00a0 \u00a0(Tuba)<\/p>\n<p><strong>Weitere Jungmusiker in Ausbildung <\/strong><\/p>\n<p>Chiara Bolz \u00a0 \u00a0 \u00a0 \u00a0 \u00a0 \u00a0 \u00a0 \u00a0 \u00a0 \u00a0 \u00a0 \u00a0 \u00a0 \u00a0 \u00a0 \u00a0(Schlagzeug)<\/p>\n<p>Sabrina Reith\u00a0\u00a0\u00a0\u00a0\u00a0\u00a0\u00a0\u00a0\u00a0\u00a0\u00a0\u00a0\u00a0\u00a0\u00a0\u00a0\u00a0\u00a0\u00a0\u00a0\u00a0\u00a0\u00a0\u00a0\u00a0 (Alt-Saxophon)<\/p>\n<p>Roman Bolz \u00a0 \u00a0 \u00a0 \u00a0 \u00a0 \u00a0 \u00a0 \u00a0 \u00a0 \u00a0 \u00a0 \u00a0 \u00a0 \u00a0 \u00a0(Alt-Saxophon)<\/p>\n<p>Janine Heil \u00a0 \u00a0 \u00a0 \u00a0 \u00a0 \u00a0 \u00a0 \u00a0 \u00a0 \u00a0 \u00a0 \u00a0 \u00a0 \u00a0 \u00a0 \u00a0(Fl\u00fcgelhorn)<\/p>\n<p>Darius Losert \u00a0 \u00a0 \u00a0 \u00a0 \u00a0 \u00a0 \u00a0 \u00a0 \u00a0 \u00a0 \u00a0 \u00a0 \u00a0 (Schlagzeug\/E-Gitarre)<\/p>\n<p><strong style=\"font-weight: bold; color: #000000;\">Jugendgruppe des MV &#8211; Schmalnau \u2013 im Dezember 2010<\/strong><\/p>\n<p><a href=\"http:\/\/mv-schmalnau.de\/wp-content\/uploads\/2014\/08\/jugendgruppe.jpg\"><img loading=\"lazy\" decoding=\"async\" class=\"aligncenter size-full wp-image-1241\" src=\"http:\/\/mv-schmalnau.de\/wp-content\/uploads\/2014\/08\/jugendgruppe.jpg\" alt=\"Jugendgruppe\" width=\"3264\" height=\"2448\" srcset=\"https:\/\/mv-schmalnau.de\/wp-content\/uploads\/2014\/08\/jugendgruppe.jpg 3264w, https:\/\/mv-schmalnau.de\/wp-content\/uploads\/2014\/08\/jugendgruppe-300x225.jpg 300w, https:\/\/mv-schmalnau.de\/wp-content\/uploads\/2014\/08\/jugendgruppe-1024x768.jpg 1024w, https:\/\/mv-schmalnau.de\/wp-content\/uploads\/2014\/08\/jugendgruppe-600x450.jpg 600w\" sizes=\"auto, (max-width: 3264px) 100vw, 3264px\" \/><\/a><\/p>\n<p><span style=\"color: #000000;\"><span style=\"text-decoration: underline;\"><strong><em>Hintere Reihe v.li.n.re.:<\/em><\/strong><\/span> 1. Vorsitzender Matthias M\u00fcck,\u00a0 Ricarda Johna, Alina Johna, Lilly Voss, Max Sauer, Maximilian Dr\u00fcschler, Alexander K\u00f6hler. <\/span><\/p>\n<p><span style=\"color: #000000;\"><strong><em><span style=\"text-decoration: underline;\">Mittlere Reihe v.li.n.re.:<\/span><\/em><\/strong>\u00a0Markus Farnung, Julia Farnung, Andreas Bauer, Sebastian Kraft, Tizian Wahl, Stephanus Bauer.\u00a0 <\/span><\/p>\n<p><span style=\"color: #000000;\"><span style=\"text-decoration: underline;\"><em><strong>Vordere Reihe v.li.n.re.:<\/strong><\/em><\/span> Leona Weikart, Saphira Wahl, Philippus Bauer.<\/span><\/p>\n<p><strong>Mitgliederzahlen<\/strong><\/p>\n<p>Der Musikverein Schmalnau 1983 e.V. z\u00e4hlt insgesamt etwa <strong>243 Mitglieder (Jahr 2010)<\/strong>, wovon\u00a0 ca. <strong>30<\/strong> zu den <strong>aktiven Musikerinnen<\/strong> <strong>und Musikern<\/strong> geh\u00f6ren.<\/p>\n<p><strong>\u00a0<\/strong><\/p>\n<p><strong>H\u00f6hepunkte im Vereinsleben <\/strong><\/p>\n<p><strong>1983-1990<\/strong><\/p>\n<p>Viele St\u00e4ndchen und in den 80er Jahren viele Festz\u00fcge und Unterhaltungsmusik sind zu spielen. In diesen Jahren gibt es noch gro\u00dfe Zeltfeste, auf denen die Musikvereine aufspielen. Der Zusammenhalt der Stammaktiven ist gut und es werden viele gesellige Stunden verbracht. Leider k\u00f6nnen die in diesen Zeiten dazu kommenden jungen Aktiven bis auf wenige nicht auf Dauer gehalten werden.<\/p>\n<p>&#8211;\u00a0\u00a0\u00a0\u00a0\u00a0\u00a0\u00a0\u00a0\u00a0 Ausflug in ein Salzbergwerk im Rahmen der Mehrtagesfahrt nach K\u00f6ssen z.B. 1989<\/p>\n<p>&#8211;\u00a0\u00a0\u00a0\u00a0\u00a0\u00a0\u00a0\u00a0\u00a0 Zweitagesfahrt ins Ahrtal\/Mosel 1990<\/p>\n<p>&#8211;\u00a0\u00a0\u00a0\u00a0\u00a0\u00a0\u00a0\u00a0\u00a0 Anf\u00e4nglich \u201eTraditionelle\u201c Wanderung am 2. Weihnachtsfeiertag nach Oberrod zur Gastst\u00e4tte <em>Junker<\/em> in den 80er und 90er Jahren.<\/p>\n<table>\n<tbody>\n<tr>\n<td rowspan=\"2\" width=\"342\">\u00a0<a href=\"http:\/\/mv-schmalnau.de\/wp-content\/uploads\/2014\/08\/wanderung-1990.jpg\"><img loading=\"lazy\" decoding=\"async\" class=\"aligncenter size-full wp-image-1242\" src=\"http:\/\/mv-schmalnau.de\/wp-content\/uploads\/2014\/08\/wanderung-1990.jpg\" alt=\"Wanderung 1990\" width=\"1405\" height=\"968\" srcset=\"https:\/\/mv-schmalnau.de\/wp-content\/uploads\/2014\/08\/wanderung-1990.jpg 1405w, https:\/\/mv-schmalnau.de\/wp-content\/uploads\/2014\/08\/wanderung-1990-300x206.jpg 300w, https:\/\/mv-schmalnau.de\/wp-content\/uploads\/2014\/08\/wanderung-1990-1024x705.jpg 1024w, https:\/\/mv-schmalnau.de\/wp-content\/uploads\/2014\/08\/wanderung-1990-600x413.jpg 600w\" sizes=\"auto, (max-width: 1405px) 100vw, 1405px\" \/><\/a><\/td>\n<td width=\"278\">\n<table width=\"100%\">\n<tbody>\n<tr>\n<td>In den 1980er und 1990er Jahren Tradition: <strong>Wanderung am 2. Weihnachtsfeiertag<\/strong> nach Oberrod zur Gastst\u00e4tte \u201eZum Junker\u201c, an der die halbe Dorfjugend teilnahm. Dort ging es lustig zu. Der Heimweg in der Dunkelheit wurde dann sehr oft \u201ebeschwerlich\u201c.<\/td>\n<\/tr>\n<\/tbody>\n<\/table>\n<\/td>\n<\/tr>\n<\/tbody>\n<\/table>\n<p><strong>1990-1993<\/strong><\/p>\n<p>Der Verein w\u00e4hlt mit Heribert Belz ein zu dieser Zeit passives Mitglied zum 1. Vorsitzenden, der in 1993 das <strong>10 J\u00e4hrige Bestehen mit gro\u00dfem Fest<\/strong> auf dem Festplatz Br\u00fcckenstra\u00dfe begeht. Hier werden auch die finanziellen Grundlagen zur Anschaffung neuer Uniformen gelegt. Ab 1993 gestaltet der Musikverein die Vorfeier der Christmette.<\/p>\n<table>\n<tbody>\n<tr>\n<td rowspan=\"2\" width=\"341\">\u00a0<a href=\"http:\/\/mv-schmalnau.de\/wp-content\/uploads\/2014\/08\/festaufbau-1993.jpg\"><img loading=\"lazy\" decoding=\"async\" class=\"aligncenter size-full wp-image-1246\" src=\"http:\/\/mv-schmalnau.de\/wp-content\/uploads\/2014\/08\/festaufbau-1993.jpg\" alt=\"Festaufbau 1993\" width=\"1679\" height=\"1112\" srcset=\"https:\/\/mv-schmalnau.de\/wp-content\/uploads\/2014\/08\/festaufbau-1993.jpg 1679w, https:\/\/mv-schmalnau.de\/wp-content\/uploads\/2014\/08\/festaufbau-1993-300x198.jpg 300w, https:\/\/mv-schmalnau.de\/wp-content\/uploads\/2014\/08\/festaufbau-1993-1024x678.jpg 1024w, https:\/\/mv-schmalnau.de\/wp-content\/uploads\/2014\/08\/festaufbau-1993-600x397.jpg 600w\" sizes=\"auto, (max-width: 1679px) 100vw, 1679px\" \/><\/a><\/td>\n<td width=\"287\">\n<table width=\"100%\">\n<tbody>\n<tr>\n<td><strong>Festzeltaufbau auf dem Festplatz Br\u00fcckenstra\u00dfe 1993<\/strong>Anlass war das 10 j\u00e4hrige Bestehen des Vereins. Vorne im Bild der Hauptorganisator des Festes: Markus Ulrich. Das Fest war ein gro\u00dfer Erfolg f\u00fcr den Musikverein.<\/td>\n<\/tr>\n<\/tbody>\n<\/table>\n<\/td>\n<\/tr>\n<\/tbody>\n<\/table>\n<p><strong>\u00a0<\/strong><\/p>\n<p><strong>\u00a0<\/strong><strong>1994<\/strong><\/p>\n<p>Anschaffung neuer Uniformen im Trachtenstil von der Fa. Negele Uniformfabrik \/ T\u00fcbingen.<\/p>\n<p>Teilnahme an den Vereinsfasnachten in der MZH Schmalnau mit eigenen Programmpunkten bis zum Jahr 2009. In diesem Jahr <strong>Teilnahme am Hessentag in Gro\u00df-Gerau<\/strong>.<\/p>\n<p><strong>1995<\/strong><\/p>\n<p>Erstes Konzert der Vereinsgeschichte im B\u00fcrgerhaus Schmalnau unter dem Dirigenten Arnold Huf.<\/p>\n<p><a href=\"http:\/\/mv-schmalnau.de\/wp-content\/uploads\/2014\/08\/konzert-1995.jpg\"><img loading=\"lazy\" decoding=\"async\" class=\"aligncenter size-full wp-image-1247\" src=\"http:\/\/mv-schmalnau.de\/wp-content\/uploads\/2014\/08\/konzert-1995.jpg\" alt=\"Konzert 1995\" width=\"1970\" height=\"1182\" srcset=\"https:\/\/mv-schmalnau.de\/wp-content\/uploads\/2014\/08\/konzert-1995.jpg 1970w, https:\/\/mv-schmalnau.de\/wp-content\/uploads\/2014\/08\/konzert-1995-300x180.jpg 300w, https:\/\/mv-schmalnau.de\/wp-content\/uploads\/2014\/08\/konzert-1995-1024x614.jpg 1024w, https:\/\/mv-schmalnau.de\/wp-content\/uploads\/2014\/08\/konzert-1995-600x360.jpg 600w\" sizes=\"auto, (max-width: 1970px) 100vw, 1970px\" \/><\/a><\/p>\n<p>Nicht zuletzt aus dem Erfolg des Konzertes und im Nachgang entwickelte sich eine Nachwuchsgruppe, die haupts\u00e4chlich durch den Bimbacher Gerhard Hohnickel (VHS) und Dieter Schlag aus Thalau die musikalische Grundausbildung bekam. Daraus sind wiederum folgende Musiker hervorgegangen, die in den folgenden 10 Jahren zu festen St\u00fctzen im Verein wurden:<\/p>\n<p><em>Christina Weber, Anna Katarina Ulrich, Holger Ulrich, Tobias Ulrich, Felix Dr\u00fcschler, Andre K\u00fcmpel, Lucina Heil, Blandina Heil, Sebastian Baier, Alexander Baier, Daniel Kreis, Jasmin Hansjosten, Michaela Koch, u.v.m.<\/em><\/p>\n<p>Diese Musikerinnen und Musiker sind die Ersten, von denen die Meisten in den folgenden Jahren die Pr\u00fcfungen zum Jugendleistungsabzeichen in Bronze ablegen und damit Voraussetzungen f\u00fcr eine musikalische Weiterentwicklung schaffen. Musikalische Gestaltung der Fastnachtsumz\u00fcge in Herbstein ab 1995 bis 1997<\/p>\n<p><strong>1996<\/strong><\/p>\n<p>Gro\u00dfes mehrt\u00e4giges Sommerfest auf der Br\u00fcckenstra\u00dfe und Verpflichtung des jungen Dirigenten <em>Thomas Witzel<\/em> aus K\u00fcnzell. Durch die neue Liedauswahl k\u00f6nnen die jungen Musiker angespornt werden. Es werden nun regelm\u00e4\u00dfig Konzerte (j\u00e4hrlich)\u00a0 in der Mehrzweckhalle Schmalnau gegeben. Es gelingt Thomas Witzel gezielte Probenarbeit, die in den Konzerten Fr\u00fcchte tr\u00e4gt. Die Konzerte gelten immer mehr als Ziel und Ansporn in Zeiten nachlassender Unterhaltungsmusik auf gro\u00dfen Festen. Bau einer vereinseigenen Grillbude 1996 \/ 2010 Anpassung an Hygienevorschriften. Flo\u00dffahrt 1996 im Rahmen einer Mehrtagesfahrt.<\/p>\n<table>\n<tbody>\n<tr>\n<td width=\"487\">\u00a0<a href=\"http:\/\/mv-schmalnau.de\/wp-content\/uploads\/2014\/08\/konzert-1996.jpg\"><img loading=\"lazy\" decoding=\"async\" class=\"aligncenter size-full wp-image-1248\" src=\"http:\/\/mv-schmalnau.de\/wp-content\/uploads\/2014\/08\/konzert-1996.jpg\" alt=\"Konzert 1996\" width=\"1743\" height=\"1158\" srcset=\"https:\/\/mv-schmalnau.de\/wp-content\/uploads\/2014\/08\/konzert-1996.jpg 1743w, https:\/\/mv-schmalnau.de\/wp-content\/uploads\/2014\/08\/konzert-1996-300x199.jpg 300w, https:\/\/mv-schmalnau.de\/wp-content\/uploads\/2014\/08\/konzert-1996-1024x680.jpg 1024w, https:\/\/mv-schmalnau.de\/wp-content\/uploads\/2014\/08\/konzert-1996-600x398.jpg 600w\" sizes=\"auto, (max-width: 1743px) 100vw, 1743px\" \/><\/a><\/td>\n<\/tr>\n<tr>\n<td colspan=\"2\" width=\"489\">\n<table width=\"100%\">\n<tbody>\n<tr>\n<td>Eines der Konzerte (ab 1997 bis ca. 1999) in der Mehrzweckhalle Schmalnau unter der Ltg. des Dirigenten Thomas Witzel<\/td>\n<\/tr>\n<\/tbody>\n<\/table>\n<\/td>\n<\/tr>\n<\/tbody>\n<\/table>\n<p><strong>1996-1998 \u00a0<\/strong><\/p>\n<p>Gemeinsame Proben der Nachwuchsmusikergruppe unter der Betreuung von Georg Weikart werden \u00a0im Vereinsraum abgehalten. Diese Proben schaffen Freundschaft und Kameradschaft unter den Jungmusikern. Ebenfalls wird so die notwendige Bindung zum Verein erreicht. Jugendzeltlager an der Wasserkuppe Camp ErNa 1997 (Wiederholung im Jahre 2008). Traditionelles Dorffest ab 1998, das dann etwa alle 2 Jahre bis 2008 auf dem Dorfplatz stattfindet. Familiennachmittage am 3. Oktober seit den 90 er Jahren mit Unterbrechung<\/p>\n<table>\n<tbody>\n<tr>\n<td width=\"489\">\u00a0<a href=\"http:\/\/mv-schmalnau.de\/wp-content\/uploads\/2014\/08\/zeltlager-1997.jpg\"><img loading=\"lazy\" decoding=\"async\" class=\"aligncenter size-full wp-image-1250\" src=\"http:\/\/mv-schmalnau.de\/wp-content\/uploads\/2014\/08\/zeltlager-1997.jpg\" alt=\"Zeltlager 1997\" width=\"2034\" height=\"1192\" srcset=\"https:\/\/mv-schmalnau.de\/wp-content\/uploads\/2014\/08\/zeltlager-1997.jpg 2034w, https:\/\/mv-schmalnau.de\/wp-content\/uploads\/2014\/08\/zeltlager-1997-300x175.jpg 300w, https:\/\/mv-schmalnau.de\/wp-content\/uploads\/2014\/08\/zeltlager-1997-1024x600.jpg 1024w, https:\/\/mv-schmalnau.de\/wp-content\/uploads\/2014\/08\/zeltlager-1997-600x351.jpg 600w\" sizes=\"auto, (max-width: 2034px) 100vw, 2034px\" \/><\/a><\/td>\n<\/tr>\n<tr>\n<td width=\"489\">\n<table width=\"100%\">\n<tbody>\n<tr>\n<td>Zeltlager der MV-Jugend auf der Wasserkuppe Camp ErNa im August 1997. Jugendwarte: Christiane Kleinhenz und Silvia K\u00fchner (hinten knieend)<\/td>\n<\/tr>\n<\/tbody>\n<\/table>\n<\/td>\n<\/tr>\n<\/tbody>\n<\/table>\n<p><strong>1998-2002<\/strong><\/p>\n<p>Um die Jahrtausendwende gibt es nochmals einen gro\u00dfen Nachwuchsschub durch die Querfl\u00f6tengruppe, die von Frau <em>S\u00fcsemilch<\/em> (Fulda) gebildet und unterrichtet wurde. Leider sind es wenige Kinder, die best\u00e4ndig aus dieser Gruppe l\u00e4ngere Zeit im Verein musizieren.<\/p>\n<p><strong>2001<\/strong><\/p>\n<p><strong>Verpflichtung des Dirigenten <em>Patrik Hillenbrand<\/em> aus Rothemann<\/strong><\/p>\n<p><em>Patrik Hillenbrand<\/em> erweist sich in musikalischer und menschlicher Hinsicht als eine gl\u00fcckliche Wahl. Die Nachwuchsmusiker und \u00e4lteren Aktiven \u00a0musizieren gerne. Das Musizieren wird kraftvoll und mit Schwung sowie Tempo angegangen. <em>Patrik Hillenbrand<\/em> ist selbst Trompeter und organisiert von nun an bei Bedarf Aushilfsmusiker.<\/p>\n<p><strong>2003<\/strong><\/p>\n<p>Das erste Platzkonzert unter der Linde (Ecke Sand\/Gassenau\/St.-Martinstr.) wird gegeben. In diesem Zuge gibt es erste Ehrungen f\u00fcr 20 j\u00e4hrige Mitgliedschaft. Es wird ein gro\u00dfer Erfolg, da auch sch\u00f6nes warmes Wetter nach Gewitterregen aufgezogen ist. St\u00fccke wie \u201eHappy Music\u201c und \u201eSwinging Glenn Miller\u201c werden uraufgef\u00fchrt. Zahlenm\u00e4\u00dfig ist die Kapelle wieder auf Rekordhoch (ca. 40 Musikerinnen und Musiker).<\/p>\n<p><strong>2004-2006\u00a0\u00a0 <\/strong><\/p>\n<p>Schwierigkeiten ergeben sich nicht zuletzt durch Weggang junger Musiker infolge Studium und beruflicher Zw\u00e4nge. Die Anzahl aktiver Musikerinnen und Musiker geht zur\u00fcck. Im M\u00e4rz 2006 gibt es vor einem Konzert in Thalau gro\u00dfe Bedenken, doch der Auftritt gelingt. Schlachtfest bei Familie Kreis 2006. Fahrt zu Weinfesten nach Mainz Weingut Eppelmann mit Auftritten 2006 und 2008. Einrichtung einer Homepage ab 2006 unter \u201e<a href=\"http:\/\/www.mv-schmalnau.de\">www.mv-schmalnau.de<\/a>\u201c. Drei-t\u00e4gige Skifreizeiten ins Kleinwalsertal, S\u00fcdtirol, Saalbach, Ischgl seit 2005, die durch Markus Ulrich geplant werden.<\/p>\n<p><strong>\u00a0<\/strong><\/p>\n<p><strong>Oktober 2006\u00a0\u00a0 <\/strong><\/p>\n<p>Es wird ein Probenwochenende im Assmussenhaus in Dahlherda abgehalten. Da der Dirigent wegen einer Rippenprellung teilweise ausf\u00e4llt, wird an zwei Tagen die Ausbildung durch den Profi Wolfgang Sagert (Trompete) \u00fcbernommen.<\/p>\n<p><a href=\"http:\/\/mv-schmalnau.de\/wp-content\/uploads\/2014\/08\/010dalherda.jpg\"><img loading=\"lazy\" decoding=\"async\" class=\"aligncenter size-full wp-image-1251\" src=\"http:\/\/mv-schmalnau.de\/wp-content\/uploads\/2014\/08\/010dalherda.jpg\" alt=\"010Dalherda\" width=\"1408\" height=\"1056\" srcset=\"https:\/\/mv-schmalnau.de\/wp-content\/uploads\/2014\/08\/010dalherda.jpg 1408w, https:\/\/mv-schmalnau.de\/wp-content\/uploads\/2014\/08\/010dalherda-300x225.jpg 300w, https:\/\/mv-schmalnau.de\/wp-content\/uploads\/2014\/08\/010dalherda-1024x768.jpg 1024w, https:\/\/mv-schmalnau.de\/wp-content\/uploads\/2014\/08\/010dalherda-600x450.jpg 600w\" sizes=\"auto, (max-width: 1408px) 100vw, 1408px\" \/><\/a><\/p>\n<address><strong><em><span style=\"text-decoration: underline;\">Posaunensatz v.li.n.re.:<\/span><\/em><\/strong> Bernhard Farnung, Daniel Kreis, Alexander Baier, Dietmar Happ<\/address>\n<address><em><strong><span style=\"text-decoration: underline;\">dahinter stehend:<\/span> <\/strong><\/em>Wolfgang Sagert\u00a0<\/address>\n<address>\u00a0<\/address>\n<p><strong>2007\u00a0\u00a0 <\/strong><\/p>\n<p>Im Fr\u00fchjahr kann Markus Sauer &#8211; geb\u00fcrtig aus Langenbieber \u2013 auf Bariton und Posaune hinzugewonnen werden. Der Satz \u201e<em>Tiefblech\u201c<\/em> wird aufgrund seiner Erfahrung damit erheblich verst\u00e4rkt. Vorbereitungen f\u00fcr das Jubil\u00e4umskonzert im Jahr 2008 anl\u00e4sslich des 25 j\u00e4hrigen Bestehens laufen an. Es soll ein herausragendes Konzert werden. Patrik Hillenbrand stellt im Herbst ein Programm mit vielen Soloeinlagen zusammen.<\/p>\n<p><strong>\u00a0<\/strong><\/p>\n<p><strong>2008\u00a0\u00a0 <\/strong><\/p>\n<p>Wegen Umbau des B\u00fcrgerhauses m\u00fcssen die Proben im engen Pfarrsaal abgehalten werden. Die Proben werden mit Beginn des Jahres f\u00fcr das Konzert im April ausgelegt. Unterst\u00fctzung erfolgt durch Alfred Dr\u00fcschler (Rothemann) am E-Bass und Joachim Vey (W\u00fcstensachsen) auf der Posaune. Ferner kommt unser ehemaliger Schlagzeuger aus den Anfangszeiten Matthias M\u00fcck wieder in die Proben. Der Dirigent entscheidet sich f\u00fcr das Ausleihen einer Verst\u00e4rkeranlage. Das Konzept mit der Anlage und den Solost\u00fccken geht voll auf. Der Verein erntet Lob und Achtung. Die ansprechenden Leistungen k\u00f6nnen auf der Kirmes in Schmalnau wiederholt werden.<\/p>\n<p><strong>\u00a0<\/strong><\/p>\n<table>\n<tbody>\n<tr>\n<td width=\"493\">\u00a0<a href=\"http:\/\/mv-schmalnau.de\/wp-content\/uploads\/2014\/08\/konzert-2008a.jpg\"><img loading=\"lazy\" decoding=\"async\" class=\"aligncenter size-full wp-image-1252\" src=\"http:\/\/mv-schmalnau.de\/wp-content\/uploads\/2014\/08\/konzert-2008a.jpg\" alt=\"Konzert 2008a\" width=\"1653\" height=\"1240\" srcset=\"https:\/\/mv-schmalnau.de\/wp-content\/uploads\/2014\/08\/konzert-2008a.jpg 1653w, https:\/\/mv-schmalnau.de\/wp-content\/uploads\/2014\/08\/konzert-2008a-300x225.jpg 300w, https:\/\/mv-schmalnau.de\/wp-content\/uploads\/2014\/08\/konzert-2008a-1024x768.jpg 1024w, https:\/\/mv-schmalnau.de\/wp-content\/uploads\/2014\/08\/konzert-2008a-600x450.jpg 600w\" sizes=\"auto, (max-width: 1653px) 100vw, 1653px\" \/><\/a><\/td>\n<\/tr>\n<tr>\n<td width=\"493\">\n<table width=\"100%\">\n<tbody>\n<tr>\n<td><strong>Jubil\u00e4umskonzert am 19.4.2008<\/strong> (25 j\u00e4hriges Bestehen) in der Mehrzweckhalle Schmalnau. Der Erfolg des Konzeptes \u201eSolistenparade\u201c gibt dem Dirigenten Patrik Hillenbrand recht. Hier beim Vortrag: \u201eDie Neckische Polka\u201c mit den Solisten von l.n.r. vorne stehend: <em>Erich Happ, Markus Sauer, Patrik Hillenbrand und Harald Hergenhan.<\/em><\/td>\n<\/tr>\n<\/tbody>\n<\/table>\n<\/td>\n<\/tr>\n<\/tbody>\n<\/table>\n<p><strong>\u00a0<\/strong><\/p>\n<p><strong>2009<\/strong><\/p>\n<p>R\u00fcckkehr in das umgebaute B\u00fcrgerhaus.<\/p>\n<p>Auf einem gemeinschaftlichen Konzert mit Thalau und Ried in der MZH Thalau kann der Musikverein erneut mit sehr gutem Vortrag \u00fcberzeugen. Die Veranstalter und zahlreichen G\u00e4ste sind sehr zufrieden. Die Stimmung ist ausgelassen und wir musizieren bis in die Nacht. Es folgt ein rundum erfolgreiches Jahr, in dem man auch auf dem Johannesmarkt in Hettenhausen auftritt. \u00a0Matthias M\u00fcck stellt seine Musikanlage vorr\u00fcbergehend zur Verf\u00fcgung und er wird im September zum 1.Vorsitzenden gew\u00e4hlt. Am 4. Advent findet ein \u201eDankesch\u00f6nkonzert\u201c (Danke an die Schmalnauer B\u00fcrger und unsere Freunde sowie G\u00f6nner) \u00a0in der Kirche statt. Danach werden an der alten Bibliothek Imbiss und Getr\u00e4nke zur St\u00e4rkung angeboten.<\/p>\n<p><strong>\u00a0<\/strong><\/p>\n<p><strong>2010<\/strong><\/p>\n<p>Schnee- und Nachtwanderung im Januar 2010 zur Haderwaldh\u00fctte \/ Gichenbach. Wieder ein Fr\u00fchjahrsauftritt in Thalau mit gutem Erfolg und musikalischer Steigerung. <strong>Anschaffung einer Verst\u00e4rkeranlage und Mikrofonen<\/strong>. Die Anschaffung wird ma\u00dfgeblich von Patrik Hillenbrand und Matthias M\u00fcck organisiert und durchgef\u00fchrt. Die Auftritte werden nun klanglich \u201eausgesteuert\u201c und die Wahrnehmung durch das Publikum wird erheblich besser. Am 29.5. des Jahres findet wieder ein Platzkonzert an der Linde statt. Im Juli geben wir im Staatsbad Br\u00fcckenau in der Wandelhalle ein vierst\u00fcndiges Konzert und spielen zum Tanz auf. Eine Jugendkapelle\/Jugendgruppe wird gegr\u00fcndet. Am 3. Advent findet eine \u201eMusikalische Weihnacht\u201c in der St.-Martinkirche statt. Im Verlauf des Jahres hat der Verein dank der Spendenbereitschaft der Schmalnauer Firmen nennenswerte Spenden erhalten, die f\u00fcr die Anlage und Jugendarbeit verwendet werden.<\/p>\n<p><a href=\"http:\/\/mv-schmalnau.de\/wp-content\/uploads\/2014\/08\/konzert-2010_1a.jpg\"><img loading=\"lazy\" decoding=\"async\" class=\"aligncenter size-full wp-image-1253\" src=\"http:\/\/mv-schmalnau.de\/wp-content\/uploads\/2014\/08\/konzert-2010_1a.jpg\" alt=\"Konzert 2010_1a\" width=\"1600\" height=\"928\" srcset=\"https:\/\/mv-schmalnau.de\/wp-content\/uploads\/2014\/08\/konzert-2010_1a.jpg 1600w, https:\/\/mv-schmalnau.de\/wp-content\/uploads\/2014\/08\/konzert-2010_1a-300x174.jpg 300w, https:\/\/mv-schmalnau.de\/wp-content\/uploads\/2014\/08\/konzert-2010_1a-1024x593.jpg 1024w, https:\/\/mv-schmalnau.de\/wp-content\/uploads\/2014\/08\/konzert-2010_1a-600x348.jpg 600w\" sizes=\"auto, (max-width: 1600px) 100vw, 1600px\" \/><\/a><\/p>\n<p><strong style=\"color: #000000;\">\u201eMusikalische Weihnacht\u201c \u2013 Konzert am 12.12.2010 in der Pfarrkirche St. Martin Schmalnau. Zusammen mit Orgel, Gesangverein und der Brass Band &#8222;Rhythm in Brass&#8220; \u00a0sowie des Bl\u00e4serensembles des MV-Schmalnau.<\/strong><\/p>\n<p><span style=\"color: #000000;\"><strong><em><span style=\"text-decoration: underline;\">Hintere Reihe von l.n.r.:<\/span><\/em><\/strong> Matthias M\u00fcck, Bernhrad Farnung, Dietmar Schleicher.<\/span><\/p>\n<p><span style=\"color: #000000;\"><strong><em><span style=\"text-decoration: underline;\">Mittlere Reihe von l.n.r.:<\/span><\/em><\/strong> Heribert Belz, Maximilian Dr\u00fcschler, Katrin Ebert, Georg Weikart.<\/span><\/p>\n<p><span style=\"color: #000000;\"><strong><em><span style=\"text-decoration: underline;\">Vordere Reihe von l.n.r.:<\/span><\/em><\/strong> Lilly Voss, Ricarda Johna, Alina Johna, Christina Kress, Markus Farnung.<\/span><\/p>\n<p><a style=\"color: #ea9629;\" href=\"http:\/\/mv-schmalnau.de\/wp-content\/uploads\/2014\/08\/konzert-2010_2a.jpg\"><img loading=\"lazy\" decoding=\"async\" class=\"aligncenter size-full wp-image-1254\" src=\"http:\/\/mv-schmalnau.de\/wp-content\/uploads\/2014\/08\/konzert-2010_2a.jpg\" alt=\"Konzert 2010_2a\" width=\"1560\" height=\"1118\" srcset=\"https:\/\/mv-schmalnau.de\/wp-content\/uploads\/2014\/08\/konzert-2010_2a.jpg 1560w, https:\/\/mv-schmalnau.de\/wp-content\/uploads\/2014\/08\/konzert-2010_2a-300x215.jpg 300w, https:\/\/mv-schmalnau.de\/wp-content\/uploads\/2014\/08\/konzert-2010_2a-1024x733.jpg 1024w, https:\/\/mv-schmalnau.de\/wp-content\/uploads\/2014\/08\/konzert-2010_2a-600x430.jpg 600w\" sizes=\"auto, (max-width: 1560px) 100vw, 1560px\" \/><\/a><\/p>\n<p><strong style=\"color: #000000;\">\u201eMusikalische Weihnacht\u201c \u2013 Teilgruppe 2 beim Vortragsst\u00fcck \u201eGrandfathers Clock\u201c: Solo \u2013 Erich Happ (Bariton) und Julia Farnung (Piccolo).<\/strong><\/p>\n<p><span style=\"color: #000000;\"><strong><em><span style=\"text-decoration: underline;\">Hintere Reihe von l.n.r.:<\/span><\/em><\/strong> Markus Sauer, Joachim Fischer, Martin Johna.<\/span><\/p>\n<p><span style=\"color: #000000;\"><strong><em><span style=\"text-decoration: underline;\">Mittlere Reihe von l.n.r.:<\/span><\/em><\/strong> Uwe Nenzel, Mark Heeres, Markus Ulrich.<\/span><\/p>\n<p><span style=\"color: #000000;\"><strong><em><span style=\"text-decoration: underline;\">Vordere Reihe von l.n.r.:<\/span><\/em><\/strong> Erich Happ und Julia Farnung sowie Dirigent Patrik Hillenbrand<\/span><\/p>\n<p><strong>Randsplitter und Entwicklungen<\/strong><\/p>\n<p>In den letzten Jahren wird bei Familienfeiern wie z.B. Goldenen Hochzeiten vermehrt nach einer kleinen Besetzung gefragt mit der die Hl. Messe mitgestaltet werden soll. Aus diesen Erfordernissen hat sich ein Blechbl\u00e4serensemble entwickelt, welches diesen Bereich abdeckt.<\/p>\n<p>Durch die musikalische Entwicklung der letzten zwei Jahre haben sich die Auftritte wieder hin zur Unterhaltungs- und Stimmungsmusik entwickelt. Vorher waren die Auftritte vor allem au\u00dferhalb Schmalnau insgesamt stark r\u00fcckl\u00e4ufig gewesen.<\/p>\n<p>Wesentlicher Bestandteil unseres Vereinslebens sind die musikalischen Gestaltungen und Begleitungen durch das Kirchenjahr in unserer Pfarrgemeinde St. Martin Schmalnau:<\/p>\n<p>&#8211;\u00a0\u00a0\u00a0\u00a0\u00a0\u00a0\u00a0\u00a0\u00a0 Hl. Messen an der Mariengrotte<\/p>\n<p>&#8211;\u00a0\u00a0\u00a0\u00a0\u00a0\u00a0\u00a0\u00a0\u00a0 Prozessionen an Christi Himmelfahrt sowie Fronleichnam<\/p>\n<p>&#8211;\u00a0\u00a0\u00a0\u00a0\u00a0\u00a0\u00a0\u00a0\u00a0 Bonifatiuswallfahrten nach Fulda an das Grab des Hl. Bonifatius (ab ca. 2004)<\/p>\n<p>&#8211;\u00a0\u00a0\u00a0\u00a0\u00a0\u00a0\u00a0\u00a0\u00a0 St. Martinsumzug im jedem November.<\/p>\n<p>&#8211;\u00a0\u00a0\u00a0\u00a0\u00a0\u00a0\u00a0\u00a0\u00a0 Vorfeier der Christmette<\/p>\n<p>&#8211;\u00a0\u00a0\u00a0\u00a0\u00a0\u00a0\u00a0\u00a0\u00a0 Hl. Messe und Wallfahrten am Maria Ehrenberg zusammen mit dem Rh\u00f6nklub ZV Schmalnau<\/p>\n<p>\u00a9 Alle Rechte vorbehalten &#8211; Musikverein Schmalnau, der 1. Vorsitzende Matthias M\u00fcck \u2013 Schriftleitung Georg Weikart.<\/p>\n","protected":false},"excerpt":{"rendered":"<p>\u00a0 Der Verein im Gr\u00fcndungsjahr 1983 Hintere Reihe v.l.n.r.:\u00a0Dietmar Happ, Matthias M\u00fcck, Siegrid Zeller, Martin Johna, Georg Weikart, Joachim Fischer, Cordula Dermbach, Thorsten Halbleib, Bernhard Farnung, Erich Happ, Michael Diel, Engelbert Kleinhenz (\u2020) Mittlere Reihe v.l.n.r.:\u00a0Martin Happ, Egon Ulrich(\u2020) , Alexander Leis, Markus Ulrich, Michaela Baier, Alexandra \u00dcbelacker, Ute Kr\u00f6nung, Alexandra Happ, Rudolf \u00dcbelacker Vordere &hellip; <a href=\"https:\/\/mv-schmalnau.de\/index.php\/chronik-musikverein-schmalnau-1983-e-v\/\" class=\"more-link\"><span class=\"screen-reader-text\">Chronik Musikverein Schmalnau 1983 e.V.<\/span> weiterlesen <span class=\"meta-nav\">&rarr;<\/span><\/a><\/p>\n","protected":false},"author":1,"featured_media":0,"parent":0,"menu_order":0,"comment_status":"closed","ping_status":"closed","template":"","meta":{"footnotes":""},"class_list":["post-902","page","type-page","status-publish","hentry"],"_links":{"self":[{"href":"https:\/\/mv-schmalnau.de\/index.php\/wp-json\/wp\/v2\/pages\/902","targetHints":{"allow":["GET"]}}],"collection":[{"href":"https:\/\/mv-schmalnau.de\/index.php\/wp-json\/wp\/v2\/pages"}],"about":[{"href":"https:\/\/mv-schmalnau.de\/index.php\/wp-json\/wp\/v2\/types\/page"}],"author":[{"embeddable":true,"href":"https:\/\/mv-schmalnau.de\/index.php\/wp-json\/wp\/v2\/users\/1"}],"replies":[{"embeddable":true,"href":"https:\/\/mv-schmalnau.de\/index.php\/wp-json\/wp\/v2\/comments?post=902"}],"version-history":[{"count":0,"href":"https:\/\/mv-schmalnau.de\/index.php\/wp-json\/wp\/v2\/pages\/902\/revisions"}],"wp:attachment":[{"href":"https:\/\/mv-schmalnau.de\/index.php\/wp-json\/wp\/v2\/media?parent=902"}],"curies":[{"name":"wp","href":"https:\/\/api.w.org\/{rel}","templated":true}]}}